{"id":12015,"date":"2020-09-15T16:38:06","date_gmt":"2020-09-15T13:38:06","guid":{"rendered":"https:\/\/buletin.de\/bucuresti\/?page_id=12015"},"modified":"2020-12-14T13:43:11","modified_gmt":"2020-12-14T10:43:11","slug":"buletin-de-bucuresti-in-pandemie","status":"publish","type":"page","link":"https:\/\/buletin.de\/bucuresti\/buletin-de-bucuresti-in-pandemie\/","title":{"rendered":"Buletin de Bucure\u0219ti \u00een pandemie"},"content":{"rendered":"\n<div class=\"wp-block-group\"><div class=\"wp-block-group__inner-container is-layout-flow wp-block-group-is-layout-flow\">\n<div class=\"wp-block-image\"><figure class=\"aligncenter size-large is-resized\"><a href=\"https:\/\/activecitizensfund.ro\" target=\"_blank\" rel=\"noopener noreferrer\"><img fetchpriority=\"high\" decoding=\"async\" src=\"data:image\/gif;base64,R0lGODlhAQABAAAAACH5BAEKAAEALAAAAAABAAEAAAICTAEAOw==\" data-src=\"https:\/\/buletin.de\/bucuresti\/wp-content\/uploads\/Active-citizens-fund@4x-1-900x316.png\" alt=\"\" class=\"wp-image-11980 lazyload\" width=\"450\" height=\"158\" data-sizes=\"auto\" data-srcset=\"https:\/\/buletin.de\/bucuresti\/wp-content\/uploads\/Active-citizens-fund@4x-1-900x316.png 900w, https:\/\/buletin.de\/bucuresti\/wp-content\/uploads\/Active-citizens-fund@4x-1-300x105.png 300w, https:\/\/buletin.de\/bucuresti\/wp-content\/uploads\/Active-citizens-fund@4x-1-768x270.png 768w, https:\/\/buletin.de\/bucuresti\/wp-content\/uploads\/Active-citizens-fund@4x-1-1536x539.png 1536w, https:\/\/buletin.de\/bucuresti\/wp-content\/uploads\/Active-citizens-fund@4x-1-2048x719.png 2048w, https:\/\/buletin.de\/bucuresti\/wp-content\/uploads\/Active-citizens-fund@4x-1-1060x372.png 1060w, https:\/\/buletin.de\/bucuresti\/wp-content\/uploads\/Active-citizens-fund@4x-1-550x193.png 550w, https:\/\/buletin.de\/bucuresti\/wp-content\/uploads\/Active-citizens-fund@4x-1-1425x500.png 1425w, https:\/\/buletin.de\/bucuresti\/wp-content\/uploads\/Active-citizens-fund@4x-1-1920x674.png 1920w, https:\/\/buletin.de\/bucuresti\/wp-content\/uploads\/Active-citizens-fund@4x-1-600x211.png 600w\" sizes=\"(max-width: 450px) 100vw, 450px\" \/><\/a><\/figure><\/div>\n\n\n\n<div style=\"height:20px\" aria-hidden=\"true\" class=\"wp-block-spacer\"><\/div>\n<\/div><\/div>\n\n\n\n<h2 class=\"has-text-align-center wp-block-heading\"><strong>Buletin de Bucure\u0219ti \u00een pandemie<\/strong><\/h2>\n\n\n\n<div style=\"height:30px\" aria-hidden=\"true\" class=\"wp-block-spacer\"><\/div>\n\n\n\n<p>Criza grav\u0103 de s\u0103n\u0103tate generat\u0103 de Covid-19 a venit la pachet, \u00een foarte multe&nbsp;\u021b\u0103ri, cu o criz\u0103 de transparen\u021b\u0103&nbsp;\u0219i a accesului la informa\u021bii de interes public. Fie din graba de a gestiona criza, fie folosind ca pretext criza, multe autorit\u0103\u021bi au \u00eenceput s\u0103 limiteze accesul la date absolut necesare pentru a \u00een\u021belege magnitudinea problemelor generate de Coronavirus sau felul \u00een care institu\u021biile r\u0103spund prin achizi\u021bii de urgen\u021b\u0103. Toate aceste modific\u0103ri se reflect\u0103&nbsp;\u0219i au un impact nociv cu at\u00e2t mai mult la nivel de comunit\u0103\u021bi locale.<\/p>\n\n\n\n<p>Astfel, prin instituirea st\u0103rii de urgen\u021b\u0103, a fost accordat\u0103 posibilitatea autorit\u0103\u021bilor centrale, locale, dar&nbsp;\u0219i spitalelor&nbsp;\u0219i companiilor cu capital majoritar de stat s\u0103 fac\u0103&nbsp;<strong>achizi<\/strong>\u021b<strong>ii publice directe<\/strong>\u200b, f\u0103r\u0103 respectarea regulilor obi\u0219nuite, f\u0103r\u0103 respectarea normelor de transparen\u021b\u0103, at\u00e2t pentru dotarea&nbsp;\u0219i echiparea unit\u0103\u021bilor sanitare cu materialele&nbsp;\u0219i medicamentele necesare pentru gestionarea Covid-19, c\u00e2t&nbsp;\u0219i pentru a gestiona, \u00een general, problemele generate de aceast\u0103 criz\u0103 de s\u0103n\u0103tate public\u0103. Au fost deschise portile pentru o serie de abuzuri \u00een care autorit\u0103\u021bile au \u00eenceput s\u0103 fac\u0103 achizi\u021bii nelegate de criza de s\u0103n\u0103tate public\u0103.<\/p>\n\n\n\n<p>\u00cen acest context, am lansat proiectul <strong>\u201eBuletin de Bucure\u0219ti \u00een pandemie\u201d<\/strong> prin care oferim un r\u0103spuns mixt: <em>jurnalism care expune<\/em> \u0219i <em>activism care face advocacy<\/em> pentru a repara la nevoia de transparen\u021b\u0103 \u00een cheltuirea banilor publici pe timp de pandemie.<\/p>\n\n\n\n<p>Mai jos, g\u0103si\u021bi seria noastr\u0103 de investigatii jurnalistice despre modalitatea \u00een care se desf\u0103soar\u0103 achizi\u021biile publice \u00een aceast\u0103 perioad\u0103 de ??<br>criz\u0103 \u00een Bucure\u0219ti si zonele limitrofe. Ne propunem monitorizarea \u0219i documentarea achizi\u021biilor f\u0103cute de Prim\u0103ria General\u0103 a Capitalei, prim\u0103riile de sector, Consiliul Jude\u021bean Ilfov \u0219i prim\u0103riile din localitatile din Ilfov, mai ales sub pretextul gestionarii pandemiei.<\/p>\n\n\n\n<div style=\"height:50px\" aria-hidden=\"true\" class=\"wp-block-spacer\"><\/div>\n\n\n\n<div class=\"wp-block-buttons aligncenter is-layout-flex wp-block-buttons-is-layout-flex\">\n<div class=\"wp-block-button is-style-outline is-style-outline--1\"><a class=\"wp-block-button__link has-white-color has-text-color has-background\" href=\"https:\/\/buletin.de\/bucuresti\/category\/buletin-de-bucuresti-in-pandemie\/\" style=\"background-color:#e94b35\"><strong>Cite\u0219te seria de investiga\u021bii<\/strong><\/a><\/div>\n<\/div>\n\n\n\n<div style=\"height:50px\" aria-hidden=\"true\" class=\"wp-block-spacer\"><\/div>\n\n\n\n<h2 class=\"wp-block-heading\">Webinar \u00een analiza achizi\u021biilor publice<\/h2>\n\n\n\n<div class=\"fb-video\" data-href=\"https:\/\/www.facebook.com\/funkycitizens\/videos\/447545946236749\/\" data-show-text=\"true\" data-width=\"\"><blockquote cite=\"https:\/\/developers.facebook.com\/funkycitizens\/videos\/447545946236749\/\" class=\"fb-xfbml-parse-ignore\"><a href=\"https:\/\/developers.facebook.com\/funkycitizens\/videos\/447545946236749\/\">Webinar \u00een analiza achizi\u021biilor publice<\/a><p>\u201eBuletin de Bucure\u0219ti \u00een pandemie&quot; se apropie de final. Prezent\u0103m concluziile celor 5 luni de proiect \u0219i invit\u0103m activi\u0219tii \u0219i cet\u0103\u021benii implica\u021bi din Bucure\u0219ti \u0219i Ilfov la un training special. Pornind de la raportul \u201eAchizi\u021bii \u00een pandemie&quot;, Elena Calistru, pre\u0219edintele Funky Citizens \u0219i Oana Despa, editorul Buletin de Bucure\u0219ti, \u021bin un webinar practic \u0219i aplicat. Participan\u021bii \u00eenva\u021b\u0103 cum s\u0103 analizeze cheltuirea banilor publici de c\u0103tre prim\u0103rii sau institu\u021bii locale din comunitate.\n\nInvestig\u0103m achizi\u021biile publice f\u0103cute \u00een pandemia #covid19 \u00een cadrul proiectului \u201eBuletin de Bucure\u0219ti \u00een pandemie&quot;, finan\u021bat de Active Citizens Fund &#8211; Romania. Detalii pe https:\/\/dev.buletin.de\/bucu&#8230;\/buletin-de-bucuresti-in-pandemie\/  #haide #ActiveCitizensFund #Romania #activecitizens #EEAandNorwayGrants<\/p>Posted by <a href=\"https:\/\/www.facebook.com\/funkycitizens\/\">Funky Citizens<\/a> on Friday, 11 December 2020<\/blockquote><\/div>\n\n\n\n<div style=\"height:50px\" aria-hidden=\"true\" class=\"wp-block-spacer\"><\/div>\n\n\n\n<h2 class=\"wp-block-heading\">Achizi\u021bii \u00een pandemie<\/h2>\n\n\n\n<p>Pentru autorit\u0103\u021bile locale, organizarea alegerilor locale din 2020 a fost una din cele mai costisitoare cheltuieli iar asta s-a v\u0103zut \u00een contractele de achizi\u021bii publice \u00eencheiate. Funky Citizens a analizat cheltuielile f\u0103cute de nu mai pu\u021bin de&nbsp;<strong>584 de autorit\u0103\u021bi din Bucure\u0219ti \u0219i Ilfov<\/strong> pentru a \u00eentocmi o analiz\u0103 cantitativ\u0103 \u0219i calitativ\u0103. Cite\u0219te analiza mai jos sau <a rel=\"noreferrer noopener\" href=\"https:\/\/funky.ong\/wp-content\/uploads\/2020\/11\/Achizi\u021bii-\u00een-pandemie-Funky-Citizens.pdf\" target=\"_blank\">descarc\u0103 varianta PDF.<\/a><\/p>\n\n\n\n<div class=\"infogram-embed\" data-id=\"7fe7f048-2872-4fa2-a117-841e0adf6134\" data-type=\"interactive\" data-title=\"Achizi\u021bii \u00een pandemie\"><\/div><script>!function(e,i,n,s){var t=\"InfogramEmbeds\",d=e.getElementsByTagName(\"script\")[0];if(window[t]&&window[t].initialized)window[t].process&&window[t].process();else if(!e.getElementById(n)){var o=e.createElement(\"script\");o.async=1,o.id=n,o.src=\"https:\/\/e.infogram.com\/js\/dist\/embed-loader-min.js\",d.parentNode.insertBefore(o,d)}}(document,0,\"infogram-async\");<\/script>\n\n\n\n<div style=\"height:78px\" aria-hidden=\"true\" class=\"wp-block-spacer\"><\/div>\n\n\n\n<p>Urm\u0103re\u0219te evenimentul de prezentare a proiectului \u0219i prezentarea ghidului alesului local responsabil.<\/p>\n\n\n\n<div id=\"fb-root\"><\/div>\n<script async=\"\" defer=\"\" crossorigin=\"anonymous\" src=\"https:\/\/connect.facebook.net\/en_GB\/sdk.js#xfbml=1&amp;version=v8.0\" nonce=\"v7UDALH4\"><\/script>\n\n\n\n<iframe width=\"560\" height=\"315\" src=\"https:\/\/www.youtube.com\/embed\/QeRAf12zlDE\" frameborder=\"0\" allow=\"accelerometer; autoplay; clipboard-write; encrypted-media; gyroscope; picture-in-picture\" allowfullscreen=\"\"><\/iframe>\n\n\n\n<div class=\"wp-block-buttons aligncenter is-layout-flex wp-block-buttons-is-layout-flex\">\n<div class=\"wp-block-button\"><a class=\"wp-block-button__link\" href=\"https:\/\/funky.ong\/wp-content\/uploads\/2020\/09\/funky-ghid-primari-buget-transparenta.pdf\" target=\"_blank\" rel=\"noreferrer noopener\">Cite\u0219te ghidul<\/a><\/div>\n<\/div>\n\n\n\n<div style=\"height:69px\" aria-hidden=\"true\" class=\"wp-block-spacer\"><\/div>\n\n\n\n<style>\n.disclaimerACF {\ndisplay: block;\nmax-width: 550px;\nmargin-top:-10px;\nmargin-left:auto;\nmargin-right:auto;\n}\n<\/style>\n\n\n\n<div class=\"wp-block-group\"><div class=\"wp-block-group__inner-container is-layout-flow wp-block-group-is-layout-flow\">\n<p class=\"disclaimerACF has-small-font-size\"><em>Proiectul este derulat de Funky Citizens \u0219i beneficiaz\u0103 de o finan\u021bare \u00een valoare de 13.460 euro, prin programul <a rel=\"noreferrer noopener\" href=\"http:\/\/www.activecitizensfund.ro\" data-type=\"URL\" data-id=\"http:\/\/www.activecitizensfund.ro\" target=\"_blank\">Active Citizens Fund Rom\u00e2nia<\/a>, finan\u021bat de Islanda, Liechtenstein \u0219i Norvegia prin Granturile SEE 2014-2021. Con\u021binutul acestui website nu reprezint\u0103 \u00een mod necesar pozi\u021bia oficial\u0103 a Granturilor SEE \u0219i Norvegiene 2014-2021; pentru mai multe informa\u021bii accesa\u021bi <a rel=\"noreferrer noopener\" href=\"http:\/\/www.eeagrants.org\/\" data-type=\"URL\" data-id=\"http:\/\/www.eeagrants.org\/\" target=\"_blank\">www.eeagrants.org<\/a>.<\/em><\/p>\n\n\n\n<p class=\"has-text-align-center\"><strong>Lucr\u0103m \u00eempreun\u0103 pentru o Europ\u0103&nbsp;<span style=\"color:#009b75\">verde<\/span>,&nbsp;<span style=\"color:#df4d3e\">competitiv\u0103<\/span>&nbsp;\u0219i&nbsp;<span style=\"color:#006ca7\">incluziv\u0103<\/span><\/strong>.<\/p>\n<\/div><\/div>\n\n\n\n<p class=\"has-text-align-center\">Proiect derulat de<\/p>\n\n\n\n<div style=\"margin-top: -30px;\" class=\"wp-block-image\"><figure class=\"aligncenter size-large is-resized\"><img decoding=\"async\" src=\"data:image\/gif;base64,R0lGODlhAQABAAAAACH5BAEKAAEALAAAAAABAAEAAAICTAEAOw==\" data-src=\"https:\/\/buletin.de\/bucuresti\/wp-content\/uploads\/logo-funky-citizens-2016-1.png\" alt=\"\" class=\"wp-image-10395 lazyload\" width=\"200\" height=\"NaN\" data-sizes=\"auto\" data-srcset=\"https:\/\/buletin.de\/bucuresti\/wp-content\/uploads\/logo-funky-citizens-2016-1.png 650w, https:\/\/buletin.de\/bucuresti\/wp-content\/uploads\/logo-funky-citizens-2016-1-600x277.png 600w, https:\/\/buletin.de\/bucuresti\/wp-content\/uploads\/logo-funky-citizens-2016-1-300x138.png 300w, https:\/\/buletin.de\/bucuresti\/wp-content\/uploads\/logo-funky-citizens-2016-1-550x254.png 550w\" sizes=\"(max-width: 650px) 100vw, 650px\" \/><\/figure><\/div>\n","protected":false},"excerpt":{"rendered":"<p>Buletin de Bucure\u0219ti \u00een pandemie Criza grav\u0103 de s\u0103n\u0103tate generat\u0103 de Covid-19 a venit la pachet, \u00een foarte multe&nbsp;\u021b\u0103ri, cu o criz\u0103 de transparen\u021b\u0103&nbsp;\u0219i a accesului la informa\u021bii de interes public. Fie din graba de a gestiona criza, fie folosind ca pretext criza, multe autorit\u0103\u021bi au \u00eenceput s\u0103 limiteze accesul la date absolut necesare pentru [&hellip;]<\/p>\n","protected":false},"author":1,"featured_media":0,"parent":0,"menu_order":0,"comment_status":"closed","ping_status":"closed","template":"","meta":{"_acf_changed":false,"inline_featured_image":false,"ngg_post_thumbnail":0,"footnotes":""},"class_list":["post-12015","page","type-page","status-publish","hentry"],"acf":[],"yoast_head":"<!-- This site is optimized with the Yoast SEO Premium plugin v25.3 (Yoast SEO v27.4) - https:\/\/yoast.com\/product\/yoast-seo-premium-wordpress\/ -->\n<title>Buletin de Bucure\u0219ti \u00een pandemie - Buletin de Bucure\u0219ti<\/title>\n<meta name=\"robots\" content=\"index, follow, max-snippet:-1, max-image-preview:large, max-video-preview:-1\" \/>\n<link rel=\"canonical\" href=\"https:\/\/buletin.de\/bucuresti\/buletin-de-bucuresti-in-pandemie\/\" \/>\n<meta property=\"og:locale\" content=\"en_GB\" \/>\n<meta property=\"og:type\" content=\"article\" \/>\n<meta property=\"og:title\" content=\"Buletin de Bucure\u0219ti \u00een pandemie\" \/>\n<meta property=\"og:description\" content=\"Buletin de Bucure\u0219ti \u00een pandemie Criza grav\u0103 de s\u0103n\u0103tate generat\u0103 de Covid-19 a venit la pachet, \u00een foarte multe&nbsp;\u021b\u0103ri, cu o criz\u0103 de transparen\u021b\u0103&nbsp;\u0219i a accesului la informa\u021bii de interes public. Fie din graba de a gestiona criza, fie folosind ca pretext criza, multe autorit\u0103\u021bi au \u00eenceput s\u0103 limiteze accesul la date absolut necesare pentru [&hellip;]\" \/>\n<meta property=\"og:url\" content=\"https:\/\/buletin.de\/bucuresti\/buletin-de-bucuresti-in-pandemie\/\" \/>\n<meta property=\"og:site_name\" content=\"Buletin de Bucure\u0219ti\" \/>\n<meta property=\"article:publisher\" content=\"https:\/\/www.facebook.com\/buletin.de.buc\" \/>\n<meta property=\"article:modified_time\" content=\"2020-12-14T10:43:11+00:00\" \/>\n<meta property=\"og:image\" content=\"https:\/\/buletin.de\/bucuresti\/wp-content\/uploads\/logo-funky-citizens-2016-1.png\" \/>\n<meta name=\"twitter:card\" content=\"summary_large_image\" \/>\n<meta name=\"twitter:label1\" content=\"Estimated reading time\" \/>\n\t<meta name=\"twitter:data1\" content=\"3 minutes\" \/>\n<script type=\"application\/ld+json\" class=\"yoast-schema-graph\">{\"@context\":\"https:\\\/\\\/schema.org\",\"@graph\":[{\"@type\":\"WebPage\",\"@id\":\"https:\\\/\\\/buletin.de\\\/bucuresti\\\/buletin-de-bucuresti-in-pandemie\\\/\",\"url\":\"https:\\\/\\\/buletin.de\\\/bucuresti\\\/buletin-de-bucuresti-in-pandemie\\\/\",\"name\":\"Buletin de Bucure\u0219ti \u00een pandemie - Buletin de Bucure\u0219ti\",\"isPartOf\":{\"@id\":\"https:\\\/\\\/buletin.de\\\/bucuresti\\\/#website\"},\"primaryImageOfPage\":{\"@id\":\"https:\\\/\\\/buletin.de\\\/bucuresti\\\/buletin-de-bucuresti-in-pandemie\\\/#primaryimage\"},\"image\":{\"@id\":\"https:\\\/\\\/buletin.de\\\/bucuresti\\\/buletin-de-bucuresti-in-pandemie\\\/#primaryimage\"},\"thumbnailUrl\":\"https:\\\/\\\/buletin.de\\\/bucuresti\\\/wp-content\\\/uploads\\\/logo-funky-citizens-2016-1.png\",\"datePublished\":\"2020-09-15T13:38:06+00:00\",\"dateModified\":\"2020-12-14T10:43:11+00:00\",\"breadcrumb\":{\"@id\":\"https:\\\/\\\/buletin.de\\\/bucuresti\\\/buletin-de-bucuresti-in-pandemie\\\/#breadcrumb\"},\"inLanguage\":\"en-GB\",\"potentialAction\":[{\"@type\":\"ReadAction\",\"target\":[\"https:\\\/\\\/buletin.de\\\/bucuresti\\\/buletin-de-bucuresti-in-pandemie\\\/\"]}]},{\"@type\":\"ImageObject\",\"inLanguage\":\"en-GB\",\"@id\":\"https:\\\/\\\/buletin.de\\\/bucuresti\\\/buletin-de-bucuresti-in-pandemie\\\/#primaryimage\",\"url\":\"https:\\\/\\\/buletin.de\\\/bucuresti\\\/wp-content\\\/uploads\\\/logo-funky-citizens-2016-1.png\",\"contentUrl\":\"https:\\\/\\\/buletin.de\\\/bucuresti\\\/wp-content\\\/uploads\\\/logo-funky-citizens-2016-1.png\",\"width\":650,\"height\":300},{\"@type\":\"BreadcrumbList\",\"@id\":\"https:\\\/\\\/buletin.de\\\/bucuresti\\\/buletin-de-bucuresti-in-pandemie\\\/#breadcrumb\",\"itemListElement\":[{\"@type\":\"ListItem\",\"position\":1,\"name\":\"Acas\u0103\",\"item\":\"https:\\\/\\\/buletin.de\\\/bucuresti\\\/\"},{\"@type\":\"ListItem\",\"position\":2,\"name\":\"Buletin de Bucure\u0219ti \u00een pandemie\"}]},{\"@type\":\"WebSite\",\"@id\":\"https:\\\/\\\/buletin.de\\\/bucuresti\\\/#website\",\"url\":\"https:\\\/\\\/buletin.de\\\/bucuresti\\\/\",\"name\":\"Buletin de Bucure\u0219ti\",\"description\":\"\u0218tiri \u0219i investiga\u021bii esen\u021biale din capital\u0103\",\"publisher\":{\"@id\":\"https:\\\/\\\/buletin.de\\\/bucuresti\\\/#organization\"},\"potentialAction\":[{\"@type\":\"SearchAction\",\"target\":{\"@type\":\"EntryPoint\",\"urlTemplate\":\"https:\\\/\\\/buletin.de\\\/bucuresti\\\/?s={search_term_string}\"},\"query-input\":{\"@type\":\"PropertyValueSpecification\",\"valueRequired\":true,\"valueName\":\"search_term_string\"}}],\"inLanguage\":\"en-GB\"},{\"@type\":\"Organization\",\"@id\":\"https:\\\/\\\/buletin.de\\\/bucuresti\\\/#organization\",\"name\":\"Buletin de Bucure\u0219ti\",\"url\":\"https:\\\/\\\/buletin.de\\\/bucuresti\\\/\",\"logo\":{\"@type\":\"ImageObject\",\"inLanguage\":\"en-GB\",\"@id\":\"https:\\\/\\\/buletin.de\\\/bucuresti\\\/#\\\/schema\\\/logo\\\/image\\\/\",\"url\":\"https:\\\/\\\/buletin.de\\\/bucuresti\\\/wp-content\\\/uploads\\\/logo-bdb-full-wide-vernil-transparent.png\",\"contentUrl\":\"https:\\\/\\\/buletin.de\\\/bucuresti\\\/wp-content\\\/uploads\\\/logo-bdb-full-wide-vernil-transparent.png\",\"width\":1782,\"height\":626,\"caption\":\"Buletin de Bucure\u0219ti\"},\"image\":{\"@id\":\"https:\\\/\\\/buletin.de\\\/bucuresti\\\/#\\\/schema\\\/logo\\\/image\\\/\"},\"sameAs\":[\"https:\\\/\\\/www.facebook.com\\\/buletin.de.buc\",\"https:\\\/\\\/www.instagram.com\\\/buletinde.bucuresti\\\/\"]}]}<\/script>\n<!-- \/ Yoast SEO Premium plugin. -->","yoast_head_json":{"title":"Buletin de Bucure\u0219ti \u00een pandemie - Buletin de Bucure\u0219ti","robots":{"index":"index","follow":"follow","max-snippet":"max-snippet:-1","max-image-preview":"max-image-preview:large","max-video-preview":"max-video-preview:-1"},"canonical":"https:\/\/buletin.de\/bucuresti\/buletin-de-bucuresti-in-pandemie\/","og_locale":"en_GB","og_type":"article","og_title":"Buletin de Bucure\u0219ti \u00een pandemie","og_description":"Buletin de Bucure\u0219ti \u00een pandemie Criza grav\u0103 de s\u0103n\u0103tate generat\u0103 de Covid-19 a venit la pachet, \u00een foarte multe&nbsp;\u021b\u0103ri, cu o criz\u0103 de transparen\u021b\u0103&nbsp;\u0219i a accesului la informa\u021bii de interes public. Fie din graba de a gestiona criza, fie folosind ca pretext criza, multe autorit\u0103\u021bi au \u00eenceput s\u0103 limiteze accesul la date absolut necesare pentru [&hellip;]","og_url":"https:\/\/buletin.de\/bucuresti\/buletin-de-bucuresti-in-pandemie\/","og_site_name":"Buletin de Bucure\u0219ti","article_publisher":"https:\/\/www.facebook.com\/buletin.de.buc","article_modified_time":"2020-12-14T10:43:11+00:00","og_image":[{"url":"https:\/\/buletin.de\/bucuresti\/wp-content\/uploads\/logo-funky-citizens-2016-1.png","type":"","width":"","height":""}],"twitter_card":"summary_large_image","twitter_misc":{"Estimated reading time":"3 minutes"},"schema":{"@context":"https:\/\/schema.org","@graph":[{"@type":"WebPage","@id":"https:\/\/buletin.de\/bucuresti\/buletin-de-bucuresti-in-pandemie\/","url":"https:\/\/buletin.de\/bucuresti\/buletin-de-bucuresti-in-pandemie\/","name":"Buletin de Bucure\u0219ti \u00een pandemie - Buletin de Bucure\u0219ti","isPartOf":{"@id":"https:\/\/buletin.de\/bucuresti\/#website"},"primaryImageOfPage":{"@id":"https:\/\/buletin.de\/bucuresti\/buletin-de-bucuresti-in-pandemie\/#primaryimage"},"image":{"@id":"https:\/\/buletin.de\/bucuresti\/buletin-de-bucuresti-in-pandemie\/#primaryimage"},"thumbnailUrl":"https:\/\/buletin.de\/bucuresti\/wp-content\/uploads\/logo-funky-citizens-2016-1.png","datePublished":"2020-09-15T13:38:06+00:00","dateModified":"2020-12-14T10:43:11+00:00","breadcrumb":{"@id":"https:\/\/buletin.de\/bucuresti\/buletin-de-bucuresti-in-pandemie\/#breadcrumb"},"inLanguage":"en-GB","potentialAction":[{"@type":"ReadAction","target":["https:\/\/buletin.de\/bucuresti\/buletin-de-bucuresti-in-pandemie\/"]}]},{"@type":"ImageObject","inLanguage":"en-GB","@id":"https:\/\/buletin.de\/bucuresti\/buletin-de-bucuresti-in-pandemie\/#primaryimage","url":"https:\/\/buletin.de\/bucuresti\/wp-content\/uploads\/logo-funky-citizens-2016-1.png","contentUrl":"https:\/\/buletin.de\/bucuresti\/wp-content\/uploads\/logo-funky-citizens-2016-1.png","width":650,"height":300},{"@type":"BreadcrumbList","@id":"https:\/\/buletin.de\/bucuresti\/buletin-de-bucuresti-in-pandemie\/#breadcrumb","itemListElement":[{"@type":"ListItem","position":1,"name":"Acas\u0103","item":"https:\/\/buletin.de\/bucuresti\/"},{"@type":"ListItem","position":2,"name":"Buletin de Bucure\u0219ti \u00een pandemie"}]},{"@type":"WebSite","@id":"https:\/\/buletin.de\/bucuresti\/#website","url":"https:\/\/buletin.de\/bucuresti\/","name":"Buletin de Bucure\u0219ti","description":"\u0218tiri \u0219i investiga\u021bii esen\u021biale din capital\u0103","publisher":{"@id":"https:\/\/buletin.de\/bucuresti\/#organization"},"potentialAction":[{"@type":"SearchAction","target":{"@type":"EntryPoint","urlTemplate":"https:\/\/buletin.de\/bucuresti\/?s={search_term_string}"},"query-input":{"@type":"PropertyValueSpecification","valueRequired":true,"valueName":"search_term_string"}}],"inLanguage":"en-GB"},{"@type":"Organization","@id":"https:\/\/buletin.de\/bucuresti\/#organization","name":"Buletin de Bucure\u0219ti","url":"https:\/\/buletin.de\/bucuresti\/","logo":{"@type":"ImageObject","inLanguage":"en-GB","@id":"https:\/\/buletin.de\/bucuresti\/#\/schema\/logo\/image\/","url":"https:\/\/buletin.de\/bucuresti\/wp-content\/uploads\/logo-bdb-full-wide-vernil-transparent.png","contentUrl":"https:\/\/buletin.de\/bucuresti\/wp-content\/uploads\/logo-bdb-full-wide-vernil-transparent.png","width":1782,"height":626,"caption":"Buletin de Bucure\u0219ti"},"image":{"@id":"https:\/\/buletin.de\/bucuresti\/#\/schema\/logo\/image\/"},"sameAs":["https:\/\/www.facebook.com\/buletin.de.buc","https:\/\/www.instagram.com\/buletinde.bucuresti\/"]}]}},"_links":{"self":[{"href":"https:\/\/buletin.de\/bucuresti\/wp-json\/wp\/v2\/pages\/12015","targetHints":{"allow":["GET"]}}],"collection":[{"href":"https:\/\/buletin.de\/bucuresti\/wp-json\/wp\/v2\/pages"}],"about":[{"href":"https:\/\/buletin.de\/bucuresti\/wp-json\/wp\/v2\/types\/page"}],"author":[{"embeddable":true,"href":"https:\/\/buletin.de\/bucuresti\/wp-json\/wp\/v2\/users\/1"}],"replies":[{"embeddable":true,"href":"https:\/\/buletin.de\/bucuresti\/wp-json\/wp\/v2\/comments?post=12015"}],"version-history":[{"count":24,"href":"https:\/\/buletin.de\/bucuresti\/wp-json\/wp\/v2\/pages\/12015\/revisions"}],"predecessor-version":[{"id":16706,"href":"https:\/\/buletin.de\/bucuresti\/wp-json\/wp\/v2\/pages\/12015\/revisions\/16706"}],"wp:attachment":[{"href":"https:\/\/buletin.de\/bucuresti\/wp-json\/wp\/v2\/media?parent=12015"}],"curies":[{"name":"wp","href":"https:\/\/api.w.org\/{rel}","templated":true}]}}