{"version":"1.0","provider_name":"Buletin de Bucure\u0219ti","provider_url":"https:\/\/buletin.de\/bucuresti","author_name":"Andreea Gelatu","author_url":"https:\/\/buletin.de\/bucuresti\/author\/andreeagelatu\/","title":"Ziua Na\u021bional\u0103 Constantin Br\u00e2ncu\u0219i, s\u0103rb\u0103torit\u0103 \u00een Bucure\u0219ti","type":"rich","width":600,"height":338,"html":"<blockquote class=\"wp-embedded-content\" data-secret=\"koSaWPe9Jp\"><a href=\"https:\/\/buletin.de\/bucuresti\/ziua-nationala-constantin-brancusi-sarbatorita-in-bucuresti\/\">Ziua Na\u021bional\u0103 Constantin Br\u00e2ncu\u0219i, s\u0103rb\u0103torit\u0103 \u00een Bucure\u0219ti<\/a><\/blockquote><iframe sandbox=\"allow-scripts\" security=\"restricted\" src=\"https:\/\/buletin.de\/bucuresti\/ziua-nationala-constantin-brancusi-sarbatorita-in-bucuresti\/embed\/#?secret=koSaWPe9Jp\" width=\"600\" height=\"338\" title=\"&#8220;Ziua Na\u021bional\u0103 Constantin Br\u00e2ncu\u0219i, s\u0103rb\u0103torit\u0103 \u00een Bucure\u0219ti&#8221; &#8212; Buletin de Bucure\u0219ti\" data-secret=\"koSaWPe9Jp\" frameborder=\"0\" marginwidth=\"0\" marginheight=\"0\" scrolling=\"no\" class=\"wp-embedded-content\"><\/iframe><script>\n\/*! This file is auto-generated *\/\n!function(d,l){\"use strict\";l.querySelector&&d.addEventListener&&\"undefined\"!=typeof URL&&(d.wp=d.wp||{},d.wp.receiveEmbedMessage||(d.wp.receiveEmbedMessage=function(e){var t=e.data;if((t||t.secret||t.message||t.value)&&!\/[^a-zA-Z0-9]\/.test(t.secret)){for(var s,r,n,a=l.querySelectorAll('iframe[data-secret=\"'+t.secret+'\"]'),o=l.querySelectorAll('blockquote[data-secret=\"'+t.secret+'\"]'),c=new RegExp(\"^https?:$\",\"i\"),i=0;i<o.length;i++)o[i].style.display=\"none\";for(i=0;i<a.length;i++)s=a[i],e.source===s.contentWindow&&(s.removeAttribute(\"style\"),\"height\"===t.message?(1e3<(r=parseInt(t.value,10))?r=1e3:~~r<200&&(r=200),s.height=r):\"link\"===t.message&&(r=new URL(s.getAttribute(\"src\")),n=new URL(t.value),c.test(n.protocol))&&n.host===r.host&&l.activeElement===s&&(d.top.location.href=t.value))}},d.addEventListener(\"message\",d.wp.receiveEmbedMessage,!1),l.addEventListener(\"DOMContentLoaded\",function(){for(var e,t,s=l.querySelectorAll(\"iframe.wp-embedded-content\"),r=0;r<s.length;r++)(t=(e=s[r]).getAttribute(\"data-secret\"))||(t=Math.random().toString(36).substring(2,12),e.src+=\"#?secret=\"+t,e.setAttribute(\"data-secret\",t)),e.contentWindow.postMessage({message:\"ready\",secret:t},\"*\")},!1)))}(window,document);\n\/\/# sourceURL=https:\/\/buletin.de\/bucuresti\/wp-includes\/js\/wp-embed.min.js\n<\/script>\n","thumbnail_url":"https:\/\/buletin.de\/bucuresti\/wp-content\/uploads\/WhatsApp-Image-2023-02-19-at-13.54.04.jpeg","thumbnail_width":1080,"thumbnail_height":1056,"description":"Ziua Na\u021bional\u0103 Constantin Br\u00e2ncu\u0219i celebreaz\u0103 memoria celui mai mare sculptor pe care l-a dat Rom\u00e2nia. Se s\u0103rb\u0103tore\u0219te anual, pe 19 februarie, data anivers\u0103rii marelui sculptor rom\u00e2n. \u00cen acest an, se \u00eemplinesc 147 de ani de la na\u0219terea sculptorului. Bucure\u0219tenii se pot bucura de art\u0103, \u00een Bucure\u0219ti fiind organizate expozi\u021bii \u0219i evenimente culturale cu acest prilej. [&hellip;]"}