{"version":"1.0","provider_name":"Buletin de Bucure\u0219ti","provider_url":"https:\/\/buletin.de\/bucuresti","author_name":"Florin R\u00e2\u0219teiu","author_url":"https:\/\/buletin.de\/bucuresti\/author\/florinrasteiu\/","title":"Vlad Voiculescu: \u201e\u0218colile ar trebui redeschise \u00een Bucure\u0219ti\u201d","type":"rich","width":600,"height":338,"html":"<blockquote class=\"wp-embedded-content\" data-secret=\"LlQH3zhvtk\"><a href=\"https:\/\/buletin.de\/bucuresti\/vlad-voiculescu-scolile-ar-trebui-redeschise-in-bucuresti\/\">Vlad Voiculescu: \u201e\u0218colile ar trebui redeschise \u00een Bucure\u0219ti\u201d<\/a><\/blockquote><iframe sandbox=\"allow-scripts\" security=\"restricted\" src=\"https:\/\/buletin.de\/bucuresti\/vlad-voiculescu-scolile-ar-trebui-redeschise-in-bucuresti\/embed\/#?secret=LlQH3zhvtk\" width=\"600\" height=\"338\" title=\"&#8220;Vlad Voiculescu: \u201e\u0218colile ar trebui redeschise \u00een Bucure\u0219ti\u201d&#8221; &#8212; Buletin de Bucure\u0219ti\" data-secret=\"LlQH3zhvtk\" frameborder=\"0\" marginwidth=\"0\" marginheight=\"0\" scrolling=\"no\" class=\"wp-embedded-content\"><\/iframe><script>\n\/*! This file is auto-generated *\/\n!function(d,l){\"use strict\";l.querySelector&&d.addEventListener&&\"undefined\"!=typeof URL&&(d.wp=d.wp||{},d.wp.receiveEmbedMessage||(d.wp.receiveEmbedMessage=function(e){var t=e.data;if((t||t.secret||t.message||t.value)&&!\/[^a-zA-Z0-9]\/.test(t.secret)){for(var s,r,n,a=l.querySelectorAll('iframe[data-secret=\"'+t.secret+'\"]'),o=l.querySelectorAll('blockquote[data-secret=\"'+t.secret+'\"]'),c=new RegExp(\"^https?:$\",\"i\"),i=0;i<o.length;i++)o[i].style.display=\"none\";for(i=0;i<a.length;i++)s=a[i],e.source===s.contentWindow&&(s.removeAttribute(\"style\"),\"height\"===t.message?(1e3<(r=parseInt(t.value,10))?r=1e3:~~r<200&&(r=200),s.height=r):\"link\"===t.message&&(r=new URL(s.getAttribute(\"src\")),n=new URL(t.value),c.test(n.protocol))&&n.host===r.host&&l.activeElement===s&&(d.top.location.href=t.value))}},d.addEventListener(\"message\",d.wp.receiveEmbedMessage,!1),l.addEventListener(\"DOMContentLoaded\",function(){for(var e,t,s=l.querySelectorAll(\"iframe.wp-embedded-content\"),r=0;r<s.length;r++)(t=(e=s[r]).getAttribute(\"data-secret\"))||(t=Math.random().toString(36).substring(2,12),e.src+=\"#?secret=\"+t,e.setAttribute(\"data-secret\",t)),e.contentWindow.postMessage({message:\"ready\",secret:t},\"*\")},!1)))}(window,document);\n\/\/# sourceURL=https:\/\/buletin.de\/bucuresti\/wp-includes\/js\/wp-embed.min.js\n<\/script>\n","thumbnail_url":"https:\/\/buletin.de\/bucuresti\/wp-content\/uploads\/133937147_3874543095930806_6379429517067273631_n.jpg","thumbnail_width":960,"thumbnail_height":442,"description":"Vlad Voiculescu, ministrul s\u0103n\u0103t\u0103\u021bii, a declarat, \u00een direct la Europa FM ,c\u0103 \u0219colile din Capital\u0103 ar trebui redeschise, \u00een ciuda faptului c\u0103 se fac pu\u021bine teste \u00een Bucure\u0219ti. Ministrul s\u0103n\u0103t\u0103\u021bii a declarat \u0219i c\u0103 dac\u0103 un elev va fi confirmat cu Covid-19, ar s\u0103 fac\u0103 teste toat\u0103 clasa. De aceste proceduri se va ocupa conducerea [&hellip;]"}