{"version":"1.0","provider_name":"Buletin de Bucure\u0219ti","provider_url":"https:\/\/buletin.de\/bucuresti","author_name":"Andreea Gelatu","author_url":"https:\/\/buletin.de\/bucuresti\/author\/andreeagelatu\/","title":"Video | Proprietarul unui radio pirat, s\u0103ltat de poli\u021bi\u0219ti","type":"rich","width":600,"height":338,"html":"<blockquote class=\"wp-embedded-content\" data-secret=\"CZJjULHPed\"><a href=\"https:\/\/buletin.de\/bucuresti\/video-proprietarul-unui-radio-pirat-saltat-de-politisti\/\">Video | Proprietarul unui radio pirat, s\u0103ltat de poli\u021bi\u0219ti<\/a><\/blockquote><iframe sandbox=\"allow-scripts\" security=\"restricted\" src=\"https:\/\/buletin.de\/bucuresti\/video-proprietarul-unui-radio-pirat-saltat-de-politisti\/embed\/#?secret=CZJjULHPed\" width=\"600\" height=\"338\" title=\"&#8220;Video | Proprietarul unui radio pirat, s\u0103ltat de poli\u021bi\u0219ti&#8221; &#8212; Buletin de Bucure\u0219ti\" data-secret=\"CZJjULHPed\" frameborder=\"0\" marginwidth=\"0\" marginheight=\"0\" scrolling=\"no\" class=\"wp-embedded-content\"><\/iframe><script>\n\/*! This file is auto-generated *\/\n!function(d,l){\"use strict\";l.querySelector&&d.addEventListener&&\"undefined\"!=typeof URL&&(d.wp=d.wp||{},d.wp.receiveEmbedMessage||(d.wp.receiveEmbedMessage=function(e){var t=e.data;if((t||t.secret||t.message||t.value)&&!\/[^a-zA-Z0-9]\/.test(t.secret)){for(var s,r,n,a=l.querySelectorAll('iframe[data-secret=\"'+t.secret+'\"]'),o=l.querySelectorAll('blockquote[data-secret=\"'+t.secret+'\"]'),c=new RegExp(\"^https?:$\",\"i\"),i=0;i<o.length;i++)o[i].style.display=\"none\";for(i=0;i<a.length;i++)s=a[i],e.source===s.contentWindow&&(s.removeAttribute(\"style\"),\"height\"===t.message?(1e3<(r=parseInt(t.value,10))?r=1e3:~~r<200&&(r=200),s.height=r):\"link\"===t.message&&(r=new URL(s.getAttribute(\"src\")),n=new URL(t.value),c.test(n.protocol))&&n.host===r.host&&l.activeElement===s&&(d.top.location.href=t.value))}},d.addEventListener(\"message\",d.wp.receiveEmbedMessage,!1),l.addEventListener(\"DOMContentLoaded\",function(){for(var e,t,s=l.querySelectorAll(\"iframe.wp-embedded-content\"),r=0;r<s.length;r++)(t=(e=s[r]).getAttribute(\"data-secret\"))||(t=Math.random().toString(36).substring(2,12),e.src+=\"#?secret=\"+t,e.setAttribute(\"data-secret\",t)),e.contentWindow.postMessage({message:\"ready\",secret:t},\"*\")},!1)))}(window,document);\n\/\/# sourceURL=https:\/\/buletin.de\/bucuresti\/wp-includes\/js\/wp-embed.min.js\n<\/script>\n","thumbnail_url":"https:\/\/buletin.de\/bucuresti\/wp-content\/uploads\/Radio.png","thumbnail_width":640,"thumbnail_height":426,"description":"Un b\u0103rbat din Sectorul 4 acuzat c\u0103 emite ilegal programe radio a fost ridicat de poli\u021bi\u0219ti. Postul pirat emitea muzic\u0103, dar avea \u0219i programe \u00een care de\u021bin\u0103torul intra \u00een leg\u0103tur\u0103 direct\u0103 cu ascult\u0103torii. Poli\u021bi\u0219tii au f\u0103cut perchezi\u021bii domiciliare ast\u0103zi, 14 martie, iar b\u0103rbatul a fost dus la audieri. Anchetatorii sus\u021bin c\u0103, \u00een perioada 2021-2023, suspectul [&hellip;]"}