{"version":"1.0","provider_name":"Buletin de Bucure\u0219ti","provider_url":"https:\/\/buletin.de\/bucuresti","author_name":"Diana Matei","author_url":"https:\/\/buletin.de\/bucuresti\/author\/dianamatei\/","title":"\u201eVara Verde\u201d, \u00een Parcul Natural V\u0103c\u0103re\u015fti","type":"rich","width":600,"height":338,"html":"<blockquote class=\"wp-embedded-content\" data-secret=\"sNa7tXvlwv\"><a href=\"https:\/\/buletin.de\/bucuresti\/vara-verde-in-parcul-natural-vacaresti\/\">\u201eVara Verde\u201d, \u00een Parcul Natural V\u0103c\u0103re\u015fti<\/a><\/blockquote><iframe sandbox=\"allow-scripts\" security=\"restricted\" src=\"https:\/\/buletin.de\/bucuresti\/vara-verde-in-parcul-natural-vacaresti\/embed\/#?secret=sNa7tXvlwv\" width=\"600\" height=\"338\" title=\"&#8220;\u201eVara Verde\u201d, \u00een Parcul Natural V\u0103c\u0103re\u015fti&#8221; &#8212; Buletin de Bucure\u0219ti\" data-secret=\"sNa7tXvlwv\" frameborder=\"0\" marginwidth=\"0\" marginheight=\"0\" scrolling=\"no\" class=\"wp-embedded-content\"><\/iframe><script>\n\/*! This file is auto-generated *\/\n!function(d,l){\"use strict\";l.querySelector&&d.addEventListener&&\"undefined\"!=typeof URL&&(d.wp=d.wp||{},d.wp.receiveEmbedMessage||(d.wp.receiveEmbedMessage=function(e){var t=e.data;if((t||t.secret||t.message||t.value)&&!\/[^a-zA-Z0-9]\/.test(t.secret)){for(var s,r,n,a=l.querySelectorAll('iframe[data-secret=\"'+t.secret+'\"]'),o=l.querySelectorAll('blockquote[data-secret=\"'+t.secret+'\"]'),c=new RegExp(\"^https?:$\",\"i\"),i=0;i<o.length;i++)o[i].style.display=\"none\";for(i=0;i<a.length;i++)s=a[i],e.source===s.contentWindow&&(s.removeAttribute(\"style\"),\"height\"===t.message?(1e3<(r=parseInt(t.value,10))?r=1e3:~~r<200&&(r=200),s.height=r):\"link\"===t.message&&(r=new URL(s.getAttribute(\"src\")),n=new URL(t.value),c.test(n.protocol))&&n.host===r.host&&l.activeElement===s&&(d.top.location.href=t.value))}},d.addEventListener(\"message\",d.wp.receiveEmbedMessage,!1),l.addEventListener(\"DOMContentLoaded\",function(){for(var e,t,s=l.querySelectorAll(\"iframe.wp-embedded-content\"),r=0;r<s.length;r++)(t=(e=s[r]).getAttribute(\"data-secret\"))||(t=Math.random().toString(36).substring(2,12),e.src+=\"#?secret=\"+t,e.setAttribute(\"data-secret\",t)),e.contentWindow.postMessage({message:\"ready\",secret:t},\"*\")},!1)))}(window,document);\n\/\/# sourceURL=https:\/\/buletin.de\/bucuresti\/wp-includes\/js\/wp-embed.min.js\n<\/script>\n","thumbnail_url":"https:\/\/buletin.de\/bucuresti\/wp-content\/uploads\/parc-vacaresti.jpg","thumbnail_width":1920,"thumbnail_height":1280,"description":"Administra\u021bia Parcului Na\u021bional V\u0103c\u0103re\u0219ti desf\u0103\u0219oar\u0103 o serie de evenimente \u0219i \u00een aceast\u0103 var\u0103, \u00een cadrul proiectului \u201eVara Verde \u00een V\u0103c\u0103re\u0219ti\u201d. \u00cen lunile iulie \u0219i august to\u021bi cei interesa\u021bi sunt invita\u021bi s\u0103 participe la tururi ghidate pentru adul\u021bi, spectacole de teatru cu p\u0103pu\u0219i \u0219i ateliere creative pentru copii. \u00cen acest weekend se vor desf\u0103\u0219ura urm\u0103toarele evenimente: [&hellip;]"}