{"version":"1.0","provider_name":"Buletin de Bucure\u0219ti","provider_url":"https:\/\/buletin.de\/bucuresti","author_name":"Teodora \u0218uta","author_url":"https:\/\/buletin.de\/bucuresti\/author\/mariasuta\/","title":"Un incendiu puternic a izbucnit \u00een parcul IOR","type":"rich","width":600,"height":338,"html":"<blockquote class=\"wp-embedded-content\" data-secret=\"emajEn2Rzy\"><a href=\"https:\/\/buletin.de\/bucuresti\/un-incendiu-puternic-a-izbucnit-in-parcul-ior\/\">Un incendiu puternic a izbucnit \u00een parcul IOR<\/a><\/blockquote><iframe sandbox=\"allow-scripts\" security=\"restricted\" src=\"https:\/\/buletin.de\/bucuresti\/un-incendiu-puternic-a-izbucnit-in-parcul-ior\/embed\/#?secret=emajEn2Rzy\" width=\"600\" height=\"338\" title=\"&#8220;Un incendiu puternic a izbucnit \u00een parcul IOR&#8221; &#8212; Buletin de Bucure\u0219ti\" data-secret=\"emajEn2Rzy\" frameborder=\"0\" marginwidth=\"0\" marginheight=\"0\" scrolling=\"no\" class=\"wp-embedded-content\"><\/iframe><script>\n\/*! This file is auto-generated *\/\n!function(d,l){\"use strict\";l.querySelector&&d.addEventListener&&\"undefined\"!=typeof URL&&(d.wp=d.wp||{},d.wp.receiveEmbedMessage||(d.wp.receiveEmbedMessage=function(e){var t=e.data;if((t||t.secret||t.message||t.value)&&!\/[^a-zA-Z0-9]\/.test(t.secret)){for(var s,r,n,a=l.querySelectorAll('iframe[data-secret=\"'+t.secret+'\"]'),o=l.querySelectorAll('blockquote[data-secret=\"'+t.secret+'\"]'),c=new RegExp(\"^https?:$\",\"i\"),i=0;i<o.length;i++)o[i].style.display=\"none\";for(i=0;i<a.length;i++)s=a[i],e.source===s.contentWindow&&(s.removeAttribute(\"style\"),\"height\"===t.message?(1e3<(r=parseInt(t.value,10))?r=1e3:~~r<200&&(r=200),s.height=r):\"link\"===t.message&&(r=new URL(s.getAttribute(\"src\")),n=new URL(t.value),c.test(n.protocol))&&n.host===r.host&&l.activeElement===s&&(d.top.location.href=t.value))}},d.addEventListener(\"message\",d.wp.receiveEmbedMessage,!1),l.addEventListener(\"DOMContentLoaded\",function(){for(var e,t,s=l.querySelectorAll(\"iframe.wp-embedded-content\"),r=0;r<s.length;r++)(t=(e=s[r]).getAttribute(\"data-secret\"))||(t=Math.random().toString(36).substring(2,12),e.src+=\"#?secret=\"+t,e.setAttribute(\"data-secret\",t)),e.contentWindow.postMessage({message:\"ready\",secret:t},\"*\")},!1)))}(window,document);\n\/\/# sourceURL=https:\/\/buletin.de\/bucuresti\/wp-includes\/js\/wp-embed.min.js\n<\/script>\n","thumbnail_url":"https:\/\/buletin.de\/bucuresti\/wp-content\/uploads\/CA8E15C5-D2C9-4EE3-9F20-D19109F7DBBD.jpeg","thumbnail_width":889,"thumbnail_height":1600,"description":"Un incendiu puternic a izbucnit \u00een Parcul IOR din Bucure\u0219ti \u00een aceast\u0103 sear\u0103.\u00a04000 mp de vegeta\u021bie uscat\u0103 ard, \u00een acest moment, \u00een parcul IOR. Patru autospeciale \u00eencearc\u0103 s\u0103 sting\u0103 fl\u0103c\u0103rile.\u00a0Conform autorit\u0103\u021bilor, incendiul nu a produs victime p\u00e2n\u0103 acum. Incendiul se manifest\u0103 \u00een zona retrocedat\u0103 din Parcul IOR din Bucure\u0219ti, \u00een care \u00een decursul anilor recenti [&hellip;]"}