{"version":"1.0","provider_name":"Buletin de Bucure\u0219ti","provider_url":"https:\/\/buletin.de\/bucuresti","author_name":"Diana Matei","author_url":"https:\/\/buletin.de\/bucuresti\/author\/dianamatei\/","title":"\u201eStr\u0103zi Deschise\u201d \u0219i \u00een Sectorul 2","type":"rich","width":600,"height":338,"html":"<blockquote class=\"wp-embedded-content\" data-secret=\"7iB73KEvIv\"><a href=\"https:\/\/buletin.de\/bucuresti\/strazi-deschise-si-in-sectorul-2\/\">\u201eStr\u0103zi Deschise\u201d \u0219i \u00een Sectorul 2<\/a><\/blockquote><iframe sandbox=\"allow-scripts\" security=\"restricted\" src=\"https:\/\/buletin.de\/bucuresti\/strazi-deschise-si-in-sectorul-2\/embed\/#?secret=7iB73KEvIv\" width=\"600\" height=\"338\" title=\"&#8220;\u201eStr\u0103zi Deschise\u201d \u0219i \u00een Sectorul 2&#8221; &#8212; Buletin de Bucure\u0219ti\" data-secret=\"7iB73KEvIv\" frameborder=\"0\" marginwidth=\"0\" marginheight=\"0\" scrolling=\"no\" class=\"wp-embedded-content\"><\/iframe><script>\n\/*! This file is auto-generated *\/\n!function(d,l){\"use strict\";l.querySelector&&d.addEventListener&&\"undefined\"!=typeof URL&&(d.wp=d.wp||{},d.wp.receiveEmbedMessage||(d.wp.receiveEmbedMessage=function(e){var t=e.data;if((t||t.secret||t.message||t.value)&&!\/[^a-zA-Z0-9]\/.test(t.secret)){for(var s,r,n,a=l.querySelectorAll('iframe[data-secret=\"'+t.secret+'\"]'),o=l.querySelectorAll('blockquote[data-secret=\"'+t.secret+'\"]'),c=new RegExp(\"^https?:$\",\"i\"),i=0;i<o.length;i++)o[i].style.display=\"none\";for(i=0;i<a.length;i++)s=a[i],e.source===s.contentWindow&&(s.removeAttribute(\"style\"),\"height\"===t.message?(1e3<(r=parseInt(t.value,10))?r=1e3:~~r<200&&(r=200),s.height=r):\"link\"===t.message&&(r=new URL(s.getAttribute(\"src\")),n=new URL(t.value),c.test(n.protocol))&&n.host===r.host&&l.activeElement===s&&(d.top.location.href=t.value))}},d.addEventListener(\"message\",d.wp.receiveEmbedMessage,!1),l.addEventListener(\"DOMContentLoaded\",function(){for(var e,t,s=l.querySelectorAll(\"iframe.wp-embedded-content\"),r=0;r<s.length;r++)(t=(e=s[r]).getAttribute(\"data-secret\"))||(t=Math.random().toString(36).substring(2,12),e.src+=\"#?secret=\"+t,e.setAttribute(\"data-secret\",t)),e.contentWindow.postMessage({message:\"ready\",secret:t},\"*\")},!1)))}(window,document);\n\/\/# sourceURL=https:\/\/buletin.de\/bucuresti\/wp-includes\/js\/wp-embed.min.js\n<\/script>\n","thumbnail_url":"https:\/\/buletin.de\/bucuresti\/wp-content\/uploads\/Strazi-deschise-2.jpg","thumbnail_width":1600,"thumbnail_height":1066,"description":"\u00cen acest weekend, &#8220;Str\u0103zi deschise, Bucure\u0219ti &#8211; Promenad\u0103 urban\u0103&#8221; are loc \u0219i \u00eentr-o nou\u0103 zon\u0103 a Capitalei, strada Zece Mese din Sectorul 2, \u00eentre Calea Mo\u0219ilor \u0219i Strada Dimitrie Onciul. Programul include activit\u0103\u021bi dedicate familiilor cu copii, concerte cu muzic\u0103 live \u0219i spectacole de dans pentru toate v\u00e2rstele. S\u00e2mb\u0103t\u0103, \u00eencep\u00e2nd cu ora 11:00, copiii \u0219i [&hellip;]"}