{"version":"1.0","provider_name":"Buletin de Bucure\u0219ti","provider_url":"https:\/\/buletin.de\/bucuresti","author_name":"Andra Mure\u0219an","author_url":"https:\/\/buletin.de\/bucuresti\/author\/andra\/","title":"Sector 3: Avarie la trei puncte de lucru de la Taxe \u0219i Impozite","type":"rich","width":600,"height":338,"html":"<blockquote class=\"wp-embedded-content\" data-secret=\"ApFeQ4CUa8\"><a href=\"https:\/\/buletin.de\/bucuresti\/sector-3-avarie-la-trei-puncte-de-lucru\/\">Sector 3: Avarie la trei puncte de lucru de la Taxe \u0219i Impozite<\/a><\/blockquote><iframe sandbox=\"allow-scripts\" security=\"restricted\" src=\"https:\/\/buletin.de\/bucuresti\/sector-3-avarie-la-trei-puncte-de-lucru\/embed\/#?secret=ApFeQ4CUa8\" width=\"600\" height=\"338\" title=\"&#8220;Sector 3: Avarie la trei puncte de lucru de la Taxe \u0219i Impozite&#8221; &#8212; Buletin de Bucure\u0219ti\" data-secret=\"ApFeQ4CUa8\" frameborder=\"0\" marginwidth=\"0\" marginheight=\"0\" scrolling=\"no\" class=\"wp-embedded-content\"><\/iframe><script>\n\/*! This file is auto-generated *\/\n!function(d,l){\"use strict\";l.querySelector&&d.addEventListener&&\"undefined\"!=typeof URL&&(d.wp=d.wp||{},d.wp.receiveEmbedMessage||(d.wp.receiveEmbedMessage=function(e){var t=e.data;if((t||t.secret||t.message||t.value)&&!\/[^a-zA-Z0-9]\/.test(t.secret)){for(var s,r,n,a=l.querySelectorAll('iframe[data-secret=\"'+t.secret+'\"]'),o=l.querySelectorAll('blockquote[data-secret=\"'+t.secret+'\"]'),c=new RegExp(\"^https?:$\",\"i\"),i=0;i<o.length;i++)o[i].style.display=\"none\";for(i=0;i<a.length;i++)s=a[i],e.source===s.contentWindow&&(s.removeAttribute(\"style\"),\"height\"===t.message?(1e3<(r=parseInt(t.value,10))?r=1e3:~~r<200&&(r=200),s.height=r):\"link\"===t.message&&(r=new URL(s.getAttribute(\"src\")),n=new URL(t.value),c.test(n.protocol))&&n.host===r.host&&l.activeElement===s&&(d.top.location.href=t.value))}},d.addEventListener(\"message\",d.wp.receiveEmbedMessage,!1),l.addEventListener(\"DOMContentLoaded\",function(){for(var e,t,s=l.querySelectorAll(\"iframe.wp-embedded-content\"),r=0;r<s.length;r++)(t=(e=s[r]).getAttribute(\"data-secret\"))||(t=Math.random().toString(36).substring(2,12),e.src+=\"#?secret=\"+t,e.setAttribute(\"data-secret\",t)),e.contentWindow.postMessage({message:\"ready\",secret:t},\"*\")},!1)))}(window,document);\n\/\/# sourceURL=https:\/\/buletin.de\/bucuresti\/wp-includes\/js\/wp-embed.min.js\n<\/script>\n","thumbnail_url":"https:\/\/buletin.de\/bucuresti\/wp-content\/uploads\/taxe.jpg","thumbnail_width":700,"thumbnail_height":320,"description":"Trei centre ale Direc\u021biei Generale Impozite \u0219i Taxe Locale din Sectorul 3 sunt nefunc\u021bionale p\u00e2n\u0103 ast\u0103zi la ora 14, potrivit unui comunicat de pres\u0103 al Prim\u0103riei. Cele trei centre nu opereaz\u0103 din cauza unei avarii la re\u021beaua furnizorului de internet. Punctele de lucru sunt pe strada Sf\u00e2nta vineri nr. 32, strada Lucre\u021biu P\u0103tr\u0103\u0219canu nr. 3-5 [&hellip;]"}