{"version":"1.0","provider_name":"Buletin de Bucure\u0219ti","provider_url":"https:\/\/buletin.de\/bucuresti","author_name":"Teodora Stroe","author_url":"https:\/\/buletin.de\/bucuresti\/author\/simonacarlugea\/","title":"Bucure\u0219ti: Masca, obligatorie \u00een spa\u021biile publice aglomerate \u0219i la locul de munc\u0103","type":"rich","width":600,"height":338,"html":"<blockquote class=\"wp-embedded-content\" data-secret=\"xj5qwR24NC\"><a href=\"https:\/\/buletin.de\/bucuresti\/prefectura-bucuresti-masuri-anticovid\/\">Bucure\u0219ti: Masca, obligatorie \u00een spa\u021biile publice aglomerate \u0219i la locul de munc\u0103<\/a><\/blockquote><iframe sandbox=\"allow-scripts\" security=\"restricted\" src=\"https:\/\/buletin.de\/bucuresti\/prefectura-bucuresti-masuri-anticovid\/embed\/#?secret=xj5qwR24NC\" width=\"600\" height=\"338\" title=\"&#8220;Bucure\u0219ti: Masca, obligatorie \u00een spa\u021biile publice aglomerate \u0219i la locul de munc\u0103&#8221; &#8212; Buletin de Bucure\u0219ti\" data-secret=\"xj5qwR24NC\" frameborder=\"0\" marginwidth=\"0\" marginheight=\"0\" scrolling=\"no\" class=\"wp-embedded-content\"><\/iframe><script>\n\/*! This file is auto-generated *\/\n!function(d,l){\"use strict\";l.querySelector&&d.addEventListener&&\"undefined\"!=typeof URL&&(d.wp=d.wp||{},d.wp.receiveEmbedMessage||(d.wp.receiveEmbedMessage=function(e){var t=e.data;if((t||t.secret||t.message||t.value)&&!\/[^a-zA-Z0-9]\/.test(t.secret)){for(var s,r,n,a=l.querySelectorAll('iframe[data-secret=\"'+t.secret+'\"]'),o=l.querySelectorAll('blockquote[data-secret=\"'+t.secret+'\"]'),c=new RegExp(\"^https?:$\",\"i\"),i=0;i<o.length;i++)o[i].style.display=\"none\";for(i=0;i<a.length;i++)s=a[i],e.source===s.contentWindow&&(s.removeAttribute(\"style\"),\"height\"===t.message?(1e3<(r=parseInt(t.value,10))?r=1e3:~~r<200&&(r=200),s.height=r):\"link\"===t.message&&(r=new URL(s.getAttribute(\"src\")),n=new URL(t.value),c.test(n.protocol))&&n.host===r.host&&l.activeElement===s&&(d.top.location.href=t.value))}},d.addEventListener(\"message\",d.wp.receiveEmbedMessage,!1),l.addEventListener(\"DOMContentLoaded\",function(){for(var e,t,s=l.querySelectorAll(\"iframe.wp-embedded-content\"),r=0;r<s.length;r++)(t=(e=s[r]).getAttribute(\"data-secret\"))||(t=Math.random().toString(36).substring(2,12),e.src+=\"#?secret=\"+t,e.setAttribute(\"data-secret\",t)),e.contentWindow.postMessage({message:\"ready\",secret:t},\"*\")},!1)))}(window,document);\n\/\/# sourceURL=https:\/\/buletin.de\/bucuresti\/wp-includes\/js\/wp-embed.min.js\n<\/script>\n","thumbnail_url":"https:\/\/buletin.de\/bucuresti\/wp-content\/uploads\/dollar-gill-R-EYaqOjhlo-unsplash.jpg","thumbnail_width":2000,"thumbnail_height":1334,"description":"Comitetul Municipal pentru Situa\u021bii de Urgen\u021b\u0103 Bucure\u0219ti a stabilit o serie nou\u0103 de restric\u021bii, dup\u0103 ce la nivelul Capitalei rata de inciden\u021b\u0103 cumulat\u0103 la 14 zile, a ajuns la 4,35 \/ 1000 de locuitori. M\u0103surile intr\u0103 \u00een vigoare \u00een aceast\u0103 noapte, pentru o perioad\u0103 de 14 zile, urm\u00e2nd a fi reevaluate \u00een func\u021bie de rata [&hellip;]"}