{"version":"1.0","provider_name":"Buletin de Bucure\u0219ti","provider_url":"https:\/\/buletin.de\/bucuresti","author_name":"Oana Despa","author_url":"https:\/\/buletin.de\/bucuresti\/author\/oanadespa\/","title":"Povestea celui mai mic voluntar de la Romexpo","type":"rich","width":600,"height":338,"html":"<blockquote class=\"wp-embedded-content\" data-secret=\"C4G0cgxbMX\"><a href=\"https:\/\/buletin.de\/bucuresti\/povestea-celui-mai-mic-voluntar-de-la-romexpo\/\">Povestea celui mai mic voluntar de la Romexpo<\/a><\/blockquote><iframe sandbox=\"allow-scripts\" security=\"restricted\" src=\"https:\/\/buletin.de\/bucuresti\/povestea-celui-mai-mic-voluntar-de-la-romexpo\/embed\/#?secret=C4G0cgxbMX\" width=\"600\" height=\"338\" title=\"&#8220;Povestea celui mai mic voluntar de la Romexpo&#8221; &#8212; Buletin de Bucure\u0219ti\" data-secret=\"C4G0cgxbMX\" frameborder=\"0\" marginwidth=\"0\" marginheight=\"0\" scrolling=\"no\" class=\"wp-embedded-content\"><\/iframe><script>\n\/*! This file is auto-generated *\/\n!function(d,l){\"use strict\";l.querySelector&&d.addEventListener&&\"undefined\"!=typeof URL&&(d.wp=d.wp||{},d.wp.receiveEmbedMessage||(d.wp.receiveEmbedMessage=function(e){var t=e.data;if((t||t.secret||t.message||t.value)&&!\/[^a-zA-Z0-9]\/.test(t.secret)){for(var s,r,n,a=l.querySelectorAll('iframe[data-secret=\"'+t.secret+'\"]'),o=l.querySelectorAll('blockquote[data-secret=\"'+t.secret+'\"]'),c=new RegExp(\"^https?:$\",\"i\"),i=0;i<o.length;i++)o[i].style.display=\"none\";for(i=0;i<a.length;i++)s=a[i],e.source===s.contentWindow&&(s.removeAttribute(\"style\"),\"height\"===t.message?(1e3<(r=parseInt(t.value,10))?r=1e3:~~r<200&&(r=200),s.height=r):\"link\"===t.message&&(r=new URL(s.getAttribute(\"src\")),n=new URL(t.value),c.test(n.protocol))&&n.host===r.host&&l.activeElement===s&&(d.top.location.href=t.value))}},d.addEventListener(\"message\",d.wp.receiveEmbedMessage,!1),l.addEventListener(\"DOMContentLoaded\",function(){for(var e,t,s=l.querySelectorAll(\"iframe.wp-embedded-content\"),r=0;r<s.length;r++)(t=(e=s[r]).getAttribute(\"data-secret\"))||(t=Math.random().toString(36).substring(2,12),e.src+=\"#?secret=\"+t,e.setAttribute(\"data-secret\",t)),e.contentWindow.postMessage({message:\"ready\",secret:t},\"*\")},!1)))}(window,document);\n\/\/# sourceURL=https:\/\/buletin.de\/bucuresti\/wp-includes\/js\/wp-embed.min.js\n<\/script>\n","thumbnail_url":"https:\/\/buletin.de\/bucuresti\/wp-content\/uploads\/BeFunky-collage-22-900x576.png","thumbnail_width":900,"thumbnail_height":576,"description":"Doi ochi alba\u0219tri, de copil care \u00eenva\u021b\u0103 s\u0103 mearg\u0103, te \u00eent\u00e2mpin\u0103 de cum intri \u00een hala mare de la Romexpo. Au v\u0103zut, \u00een fiecare zi, zeci de oameni \u0219i, de la frica visceral\u0103 a bebelu\u0219ului obi\u0219nuit doar cu figurile parentale, au ajuns s\u0103 \u00eendr\u0103geasc\u0103 \u0219i s\u0103 se simt\u0103 confortabil cu toat\u0103 lumea. Ecaterina se plimb\u0103 [&hellip;]"}