{"version":"1.0","provider_name":"Buletin de Bucure\u0219ti","provider_url":"https:\/\/buletin.de\/bucuresti","author_name":"Florin R\u00e2\u0219teiu","author_url":"https:\/\/buletin.de\/bucuresti\/author\/florinrasteiu\/","title":"Podul Mare din Ci\u0219migiu a fost reabilitat","type":"rich","width":600,"height":338,"html":"<blockquote class=\"wp-embedded-content\" data-secret=\"DXkMsLfBNt\"><a href=\"https:\/\/buletin.de\/bucuresti\/podul-mare-din-cismigiu-a-fost-reabilitat\/\">Podul Mare din Ci\u0219migiu a fost reabilitat<\/a><\/blockquote><iframe sandbox=\"allow-scripts\" security=\"restricted\" src=\"https:\/\/buletin.de\/bucuresti\/podul-mare-din-cismigiu-a-fost-reabilitat\/embed\/#?secret=DXkMsLfBNt\" width=\"600\" height=\"338\" title=\"&#8220;Podul Mare din Ci\u0219migiu a fost reabilitat&#8221; &#8212; Buletin de Bucure\u0219ti\" data-secret=\"DXkMsLfBNt\" frameborder=\"0\" marginwidth=\"0\" marginheight=\"0\" scrolling=\"no\" class=\"wp-embedded-content\"><\/iframe><script>\n\/*! This file is auto-generated *\/\n!function(d,l){\"use strict\";l.querySelector&&d.addEventListener&&\"undefined\"!=typeof URL&&(d.wp=d.wp||{},d.wp.receiveEmbedMessage||(d.wp.receiveEmbedMessage=function(e){var t=e.data;if((t||t.secret||t.message||t.value)&&!\/[^a-zA-Z0-9]\/.test(t.secret)){for(var s,r,n,a=l.querySelectorAll('iframe[data-secret=\"'+t.secret+'\"]'),o=l.querySelectorAll('blockquote[data-secret=\"'+t.secret+'\"]'),c=new RegExp(\"^https?:$\",\"i\"),i=0;i<o.length;i++)o[i].style.display=\"none\";for(i=0;i<a.length;i++)s=a[i],e.source===s.contentWindow&&(s.removeAttribute(\"style\"),\"height\"===t.message?(1e3<(r=parseInt(t.value,10))?r=1e3:~~r<200&&(r=200),s.height=r):\"link\"===t.message&&(r=new URL(s.getAttribute(\"src\")),n=new URL(t.value),c.test(n.protocol))&&n.host===r.host&&l.activeElement===s&&(d.top.location.href=t.value))}},d.addEventListener(\"message\",d.wp.receiveEmbedMessage,!1),l.addEventListener(\"DOMContentLoaded\",function(){for(var e,t,s=l.querySelectorAll(\"iframe.wp-embedded-content\"),r=0;r<s.length;r++)(t=(e=s[r]).getAttribute(\"data-secret\"))||(t=Math.random().toString(36).substring(2,12),e.src+=\"#?secret=\"+t,e.setAttribute(\"data-secret\",t)),e.contentWindow.postMessage({message:\"ready\",secret:t},\"*\")},!1)))}(window,document);\n\/\/# sourceURL=https:\/\/buletin.de\/bucuresti\/wp-includes\/js\/wp-embed.min.js\n<\/script>\n","thumbnail_url":"https:\/\/buletin.de\/bucuresti\/wp-content\/uploads\/338950150_6376550729076414_3495347038190893094_n.jpeg","thumbnail_width":1416,"thumbnail_height":640,"description":"Lucr\u0103rile de reabilitarea a Podului Mare din Ci\u0219migiu au fost finalizate, iar Trustul de Cl\u0103diri Metropolitane face ultimele finisaje, astfel \u00eenc\u00e2t s\u0103 poat\u0103 s\u0103 \u00eenceap\u0103 recep\u021bia la finalizarea lucr\u0103rilor. Podul este unul dintre simbolurile Gr\u0103dinii Ci\u0219migiu \u0219i p\u00e2n\u0103 acum nu a fost niciodat\u0103 reabilitat. Lucr\u0103rile de reabilitare \u0219i consolidare au \u00eenceput \u00een septembrie 2022, iar [&hellip;]"}