{"version":"1.0","provider_name":"Buletin de Bucure\u0219ti","provider_url":"https:\/\/buletin.de\/bucuresti","author_name":"Ana Tudor","author_url":"https:\/\/buletin.de\/bucuresti\/author\/anamaria\/","title":"(FOTO) Zeci de pacien\u021bi de la Spitalul \u201dFoi\u0219or\u201d, unii abia opera\u021bi, evacua\u021bi \u00een plin\u0103 noapte la alte spitale din Capital\u0103. \u201dFoi\u0219or\u201d devine unitate COVID","type":"rich","width":600,"height":338,"html":"<blockquote class=\"wp-embedded-content\" data-secret=\"pmNGkkW15e\"><a href=\"https:\/\/buletin.de\/bucuresti\/pacienti-evacuati-spitalul-foisor\/\">(FOTO) Zeci de pacien\u021bi de la Spitalul \u201dFoi\u0219or\u201d, unii abia opera\u021bi, evacua\u021bi \u00een plin\u0103 noapte la alte spitale din Capital\u0103. \u201dFoi\u0219or\u201d devine unitate COVID<\/a><\/blockquote><iframe sandbox=\"allow-scripts\" security=\"restricted\" src=\"https:\/\/buletin.de\/bucuresti\/pacienti-evacuati-spitalul-foisor\/embed\/#?secret=pmNGkkW15e\" width=\"600\" height=\"338\" title=\"&#8220;(FOTO) Zeci de pacien\u021bi de la Spitalul \u201dFoi\u0219or\u201d, unii abia opera\u021bi, evacua\u021bi \u00een plin\u0103 noapte la alte spitale din Capital\u0103. \u201dFoi\u0219or\u201d devine unitate COVID&#8221; &#8212; Buletin de Bucure\u0219ti\" data-secret=\"pmNGkkW15e\" frameborder=\"0\" marginwidth=\"0\" marginheight=\"0\" scrolling=\"no\" class=\"wp-embedded-content\"><\/iframe><script>\n\/*! This file is auto-generated *\/\n!function(d,l){\"use strict\";l.querySelector&&d.addEventListener&&\"undefined\"!=typeof URL&&(d.wp=d.wp||{},d.wp.receiveEmbedMessage||(d.wp.receiveEmbedMessage=function(e){var t=e.data;if((t||t.secret||t.message||t.value)&&!\/[^a-zA-Z0-9]\/.test(t.secret)){for(var s,r,n,a=l.querySelectorAll('iframe[data-secret=\"'+t.secret+'\"]'),o=l.querySelectorAll('blockquote[data-secret=\"'+t.secret+'\"]'),c=new RegExp(\"^https?:$\",\"i\"),i=0;i<o.length;i++)o[i].style.display=\"none\";for(i=0;i<a.length;i++)s=a[i],e.source===s.contentWindow&&(s.removeAttribute(\"style\"),\"height\"===t.message?(1e3<(r=parseInt(t.value,10))?r=1e3:~~r<200&&(r=200),s.height=r):\"link\"===t.message&&(r=new URL(s.getAttribute(\"src\")),n=new URL(t.value),c.test(n.protocol))&&n.host===r.host&&l.activeElement===s&&(d.top.location.href=t.value))}},d.addEventListener(\"message\",d.wp.receiveEmbedMessage,!1),l.addEventListener(\"DOMContentLoaded\",function(){for(var e,t,s=l.querySelectorAll(\"iframe.wp-embedded-content\"),r=0;r<s.length;r++)(t=(e=s[r]).getAttribute(\"data-secret\"))||(t=Math.random().toString(36).substring(2,12),e.src+=\"#?secret=\"+t,e.setAttribute(\"data-secret\",t)),e.contentWindow.postMessage({message:\"ready\",secret:t},\"*\")},!1)))}(window,document);\n\/\/# sourceURL=https:\/\/buletin.de\/bucuresti\/wp-includes\/js\/wp-embed.min.js\n<\/script>\n","thumbnail_url":"https:\/\/buletin.de\/bucuresti\/wp-content\/uploads\/50b320d2-8d17-41db-9a0e-dc3010a40efe.jpg","thumbnail_width":1200,"thumbnail_height":1600,"description":"Zeci de oameni sunt evacua\u021bi din Spitalul Clinic de Ortopedie, Traumatologie \u0219i TBC Osteoarticular \u201dFoi\u0219or\u201d vineri sear\u0103, \u00eentruc\u00e2t unitatea medical\u0103 s-a transformat \u00een institu\u021bie suport COVID. Unii dintre pacien\u021bii sco\u0219i afar\u0103 din spital pe t\u0103rgi sunt abia opera\u021bi \u0219i sunt transfera\u021bi spre alte unit\u0103\u021bi spitalice\u0219ti din Capital\u0103, \u00een timp ce al\u021bii au fost trimi\u0219i acas\u0103. [&hellip;]"}