{"version":"1.0","provider_name":"Buletin de Bucure\u0219ti","provider_url":"https:\/\/buletin.de\/bucuresti","author_name":"Andreea Tudor","author_url":"https:\/\/buletin.de\/bucuresti\/author\/andreeatudor\/","title":"Noi restric\u021bii de circula\u021bie \u00een weekend","type":"rich","width":600,"height":338,"html":"<blockquote class=\"wp-embedded-content\" data-secret=\"8wfHk809dj\"><a href=\"https:\/\/buletin.de\/bucuresti\/noi-restrictii-de-circulatie-in-weekend\/\">Noi restric\u021bii de circula\u021bie \u00een weekend<\/a><\/blockquote><iframe sandbox=\"allow-scripts\" security=\"restricted\" src=\"https:\/\/buletin.de\/bucuresti\/noi-restrictii-de-circulatie-in-weekend\/embed\/#?secret=8wfHk809dj\" width=\"600\" height=\"338\" title=\"&#8220;Noi restric\u021bii de circula\u021bie \u00een weekend&#8221; &#8212; Buletin de Bucure\u0219ti\" data-secret=\"8wfHk809dj\" frameborder=\"0\" marginwidth=\"0\" marginheight=\"0\" scrolling=\"no\" class=\"wp-embedded-content\"><\/iframe><script>\n\/*! This file is auto-generated *\/\n!function(d,l){\"use strict\";l.querySelector&&d.addEventListener&&\"undefined\"!=typeof URL&&(d.wp=d.wp||{},d.wp.receiveEmbedMessage||(d.wp.receiveEmbedMessage=function(e){var t=e.data;if((t||t.secret||t.message||t.value)&&!\/[^a-zA-Z0-9]\/.test(t.secret)){for(var s,r,n,a=l.querySelectorAll('iframe[data-secret=\"'+t.secret+'\"]'),o=l.querySelectorAll('blockquote[data-secret=\"'+t.secret+'\"]'),c=new RegExp(\"^https?:$\",\"i\"),i=0;i<o.length;i++)o[i].style.display=\"none\";for(i=0;i<a.length;i++)s=a[i],e.source===s.contentWindow&&(s.removeAttribute(\"style\"),\"height\"===t.message?(1e3<(r=parseInt(t.value,10))?r=1e3:~~r<200&&(r=200),s.height=r):\"link\"===t.message&&(r=new URL(s.getAttribute(\"src\")),n=new URL(t.value),c.test(n.protocol))&&n.host===r.host&&l.activeElement===s&&(d.top.location.href=t.value))}},d.addEventListener(\"message\",d.wp.receiveEmbedMessage,!1),l.addEventListener(\"DOMContentLoaded\",function(){for(var e,t,s=l.querySelectorAll(\"iframe.wp-embedded-content\"),r=0;r<s.length;r++)(t=(e=s[r]).getAttribute(\"data-secret\"))||(t=Math.random().toString(36).substring(2,12),e.src+=\"#?secret=\"+t,e.setAttribute(\"data-secret\",t)),e.contentWindow.postMessage({message:\"ready\",secret:t},\"*\")},!1)))}(window,document);\n\/\/# sourceURL=https:\/\/buletin.de\/bucuresti\/wp-includes\/js\/wp-embed.min.js\n<\/script>\n","thumbnail_url":"https:\/\/buletin.de\/bucuresti\/wp-content\/uploads\/Restrictii-1.jpg","thumbnail_width":1200,"thumbnail_height":700,"description":"O nou\u0103 zon\u0103 din Capital\u0103 devine pietonal\u0103 cu ocazia evenimentului \u201eStr\u0103zi Deschise \u2013 Bucure\u0219ti, Promenad\u0103 urban\u0103\u201d. \u00cen acest context, Brigada Rutier\u0103 anun\u021b\u0103 restric\u021bii de circula\u021bie \u00een Sectorul 5, dar \u0219i pe Calea Victoriei. Tot din acest weekend, intr\u0103 \u00een vigoare \u0219i restric\u021bii pe DN1 A, cu scopul efectu\u0103rii unor lucr\u0103ri de supral\u0103rgire, anun\u021b\u0103 CNAIR. Str\u0103zi [&hellip;]"}