{"version":"1.0","provider_name":"Buletin de Bucure\u0219ti","provider_url":"https:\/\/buletin.de\/bucuresti","author_name":"Ionu\u021b Lepa","author_url":"https:\/\/buletin.de\/bucuresti\/author\/ionutlepa\/","title":"Copil ucis de grip\u0103, \u00een Capital\u0103","type":"rich","width":600,"height":338,"html":"<blockquote class=\"wp-embedded-content\" data-secret=\"OoPDb5VZhs\"><a href=\"https:\/\/buletin.de\/bucuresti\/copil-ucis-de-gripa-in-capitala\/\">Copil ucis de grip\u0103, \u00een Capital\u0103<\/a><\/blockquote><iframe sandbox=\"allow-scripts\" security=\"restricted\" src=\"https:\/\/buletin.de\/bucuresti\/copil-ucis-de-gripa-in-capitala\/embed\/#?secret=OoPDb5VZhs\" width=\"600\" height=\"338\" title=\"&#8220;Copil ucis de grip\u0103, \u00een Capital\u0103&#8221; &#8212; Buletin de Bucure\u0219ti\" data-secret=\"OoPDb5VZhs\" frameborder=\"0\" marginwidth=\"0\" marginheight=\"0\" scrolling=\"no\" class=\"wp-embedded-content\"><\/iframe><script>\n\/*! This file is auto-generated *\/\n!function(d,l){\"use strict\";l.querySelector&&d.addEventListener&&\"undefined\"!=typeof URL&&(d.wp=d.wp||{},d.wp.receiveEmbedMessage||(d.wp.receiveEmbedMessage=function(e){var t=e.data;if((t||t.secret||t.message||t.value)&&!\/[^a-zA-Z0-9]\/.test(t.secret)){for(var s,r,n,a=l.querySelectorAll('iframe[data-secret=\"'+t.secret+'\"]'),o=l.querySelectorAll('blockquote[data-secret=\"'+t.secret+'\"]'),c=new RegExp(\"^https?:$\",\"i\"),i=0;i<o.length;i++)o[i].style.display=\"none\";for(i=0;i<a.length;i++)s=a[i],e.source===s.contentWindow&&(s.removeAttribute(\"style\"),\"height\"===t.message?(1e3<(r=parseInt(t.value,10))?r=1e3:~~r<200&&(r=200),s.height=r):\"link\"===t.message&&(r=new URL(s.getAttribute(\"src\")),n=new URL(t.value),c.test(n.protocol))&&n.host===r.host&&l.activeElement===s&&(d.top.location.href=t.value))}},d.addEventListener(\"message\",d.wp.receiveEmbedMessage,!1),l.addEventListener(\"DOMContentLoaded\",function(){for(var e,t,s=l.querySelectorAll(\"iframe.wp-embedded-content\"),r=0;r<s.length;r++)(t=(e=s[r]).getAttribute(\"data-secret\"))||(t=Math.random().toString(36).substring(2,12),e.src+=\"#?secret=\"+t,e.setAttribute(\"data-secret\",t)),e.contentWindow.postMessage({message:\"ready\",secret:t},\"*\")},!1)))}(window,document);\n\/\/# sourceURL=https:\/\/buletin.de\/bucuresti\/wp-includes\/js\/wp-embed.min.js\n<\/script>\n","thumbnail_url":"https:\/\/buletin.de\/bucuresti\/wp-content\/uploads\/gripa-Hyttalo-Souza-scaled.jpg","thumbnail_width":2560,"thumbnail_height":1721,"description":"Un b\u0103iat de 12 ani din Bucure\u015fti a murit ast\u0103zi din cauza virusului gripal de tip A, anun\u0163\u0103 oficialii Ministerului S\u0103n\u0103t\u0103\u0163ii. Copilul nu era vaccinat antigripal. Dac\u0103, anterior, cele mai multe cazuri de deces din cauza gripei erau asociate cu alte afec\u0163iuni pe care le aveau pacien\u0163ii, de data asta doctorii spun c\u0103 b\u0103iatul nu [&hellip;]"}