{"version":"1.0","provider_name":"Buletin de Bucure\u0219ti","provider_url":"https:\/\/buletin.de\/bucuresti","author_name":"Diana Matei","author_url":"https:\/\/buletin.de\/bucuresti\/author\/dianamatei\/","title":"Concerte gratuite \u00een Pia\u0163a George Enescu","type":"rich","width":600,"height":338,"html":"<blockquote class=\"wp-embedded-content\" data-secret=\"ewNeX34o5W\"><a href=\"https:\/\/buletin.de\/bucuresti\/concerte-gratuite-in-piata-george-enescu\/\">Concerte gratuite \u00een Pia\u0163a George Enescu<\/a><\/blockquote><iframe sandbox=\"allow-scripts\" security=\"restricted\" src=\"https:\/\/buletin.de\/bucuresti\/concerte-gratuite-in-piata-george-enescu\/embed\/#?secret=ewNeX34o5W\" width=\"600\" height=\"338\" title=\"&#8220;Concerte gratuite \u00een Pia\u0163a George Enescu&#8221; &#8212; Buletin de Bucure\u0219ti\" data-secret=\"ewNeX34o5W\" frameborder=\"0\" marginwidth=\"0\" marginheight=\"0\" scrolling=\"no\" class=\"wp-embedded-content\"><\/iframe><script>\n\/*! This file is auto-generated *\/\n!function(d,l){\"use strict\";l.querySelector&&d.addEventListener&&\"undefined\"!=typeof URL&&(d.wp=d.wp||{},d.wp.receiveEmbedMessage||(d.wp.receiveEmbedMessage=function(e){var t=e.data;if((t||t.secret||t.message||t.value)&&!\/[^a-zA-Z0-9]\/.test(t.secret)){for(var s,r,n,a=l.querySelectorAll('iframe[data-secret=\"'+t.secret+'\"]'),o=l.querySelectorAll('blockquote[data-secret=\"'+t.secret+'\"]'),c=new RegExp(\"^https?:$\",\"i\"),i=0;i<o.length;i++)o[i].style.display=\"none\";for(i=0;i<a.length;i++)s=a[i],e.source===s.contentWindow&&(s.removeAttribute(\"style\"),\"height\"===t.message?(1e3<(r=parseInt(t.value,10))?r=1e3:~~r<200&&(r=200),s.height=r):\"link\"===t.message&&(r=new URL(s.getAttribute(\"src\")),n=new URL(t.value),c.test(n.protocol))&&n.host===r.host&&l.activeElement===s&&(d.top.location.href=t.value))}},d.addEventListener(\"message\",d.wp.receiveEmbedMessage,!1),l.addEventListener(\"DOMContentLoaded\",function(){for(var e,t,s=l.querySelectorAll(\"iframe.wp-embedded-content\"),r=0;r<s.length;r++)(t=(e=s[r]).getAttribute(\"data-secret\"))||(t=Math.random().toString(36).substring(2,12),e.src+=\"#?secret=\"+t,e.setAttribute(\"data-secret\",t)),e.contentWindow.postMessage({message:\"ready\",secret:t},\"*\")},!1)))}(window,document);\n\/\/# sourceURL=https:\/\/buletin.de\/bucuresti\/wp-includes\/js\/wp-embed.min.js\n<\/script>\n","thumbnail_url":"https:\/\/buletin.de\/bucuresti\/wp-content\/uploads\/ateneu.jpeg","thumbnail_width":2048,"thumbnail_height":1152,"description":"Timp de opt zile, Prim\u0103ria Capitalei, prin ARCUB \u2013 Centrul Cultural al Municipiului Bucure\u015fti organizeaz\u0103, \u00een parteneriat cu ARTEXIM, concertele din Pia\u0163a George Enescu. Acestea au loc \u00een perioada 17 \u2013 24 septembrie. Programul debuteaz\u0103 duminic\u0103, 17 septembrie, la ora 20:00 cu concertul Orchestrei Filarmonicii de Stat \u2018\u2019Dinu Lipatti\u2019\u2019 din Satu Mare. Pe 18 septembrie [&hellip;]"}