{"version":"1.0","provider_name":"Buletin de Bucure\u0219ti","provider_url":"https:\/\/buletin.de\/bucuresti","author_name":"Diana Matei","author_url":"https:\/\/buletin.de\/bucuresti\/author\/dianamatei\/","title":"Cod portocaliu de canicul\u0103 \u00een Capital\u0103","type":"rich","width":600,"height":338,"html":"<blockquote class=\"wp-embedded-content\" data-secret=\"aKbiR7fxLU\"><a href=\"https:\/\/buletin.de\/bucuresti\/cod-portocaliu-de-canicula-in-capitala\/\">Cod portocaliu de canicul\u0103 \u00een Capital\u0103<\/a><\/blockquote><iframe sandbox=\"allow-scripts\" security=\"restricted\" src=\"https:\/\/buletin.de\/bucuresti\/cod-portocaliu-de-canicula-in-capitala\/embed\/#?secret=aKbiR7fxLU\" width=\"600\" height=\"338\" title=\"&#8220;Cod portocaliu de canicul\u0103 \u00een Capital\u0103&#8221; &#8212; Buletin de Bucure\u0219ti\" data-secret=\"aKbiR7fxLU\" frameborder=\"0\" marginwidth=\"0\" marginheight=\"0\" scrolling=\"no\" class=\"wp-embedded-content\"><\/iframe><script>\n\/*! This file is auto-generated *\/\n!function(d,l){\"use strict\";l.querySelector&&d.addEventListener&&\"undefined\"!=typeof URL&&(d.wp=d.wp||{},d.wp.receiveEmbedMessage||(d.wp.receiveEmbedMessage=function(e){var t=e.data;if((t||t.secret||t.message||t.value)&&!\/[^a-zA-Z0-9]\/.test(t.secret)){for(var s,r,n,a=l.querySelectorAll('iframe[data-secret=\"'+t.secret+'\"]'),o=l.querySelectorAll('blockquote[data-secret=\"'+t.secret+'\"]'),c=new RegExp(\"^https?:$\",\"i\"),i=0;i<o.length;i++)o[i].style.display=\"none\";for(i=0;i<a.length;i++)s=a[i],e.source===s.contentWindow&&(s.removeAttribute(\"style\"),\"height\"===t.message?(1e3<(r=parseInt(t.value,10))?r=1e3:~~r<200&&(r=200),s.height=r):\"link\"===t.message&&(r=new URL(s.getAttribute(\"src\")),n=new URL(t.value),c.test(n.protocol))&&n.host===r.host&&l.activeElement===s&&(d.top.location.href=t.value))}},d.addEventListener(\"message\",d.wp.receiveEmbedMessage,!1),l.addEventListener(\"DOMContentLoaded\",function(){for(var e,t,s=l.querySelectorAll(\"iframe.wp-embedded-content\"),r=0;r<s.length;r++)(t=(e=s[r]).getAttribute(\"data-secret\"))||(t=Math.random().toString(36).substring(2,12),e.src+=\"#?secret=\"+t,e.setAttribute(\"data-secret\",t)),e.contentWindow.postMessage({message:\"ready\",secret:t},\"*\")},!1)))}(window,document);\n\/\/# sourceURL=https:\/\/buletin.de\/bucuresti\/wp-includes\/js\/wp-embed.min.js\n<\/script>\n","thumbnail_url":"https:\/\/buletin.de\/bucuresti\/wp-content\/uploads\/ID199467_INQUAM_Photos_Octav_Ganea-2.jpg","thumbnail_width":2000,"thumbnail_height":1333,"description":"Meteorologii au prelungit codul portocaliu de canicul\u0103 \u015fi disconfort termic accentuat \u015fi ast\u0103zi. Spre sear\u0103 vor fi intensific\u0103ri de scurt\u0103 durat\u0103 ale v\u00e2ntului,\u00a0vijelii, desc\u0103rc\u0103ri electrice \u015fi averse. Temperaturile maxime vor fi de 37 \u2013 39 de grade Celsius, cele minime de 20 \u2013 23 de grade, iar indicele temperatur\u0103-umezeal\u0103 (ITU) va dep\u0103\u015fi pragul critic de [&hellip;]"}