{"version":"1.0","provider_name":"Buletin de Bucure\u0219ti","provider_url":"https:\/\/buletin.de\/bucuresti","author_name":"Florin R\u00e2\u0219teiu","author_url":"https:\/\/buletin.de\/bucuresti\/author\/florinrasteiu\/","title":"Ce se \u00eent\u00e2mpl\u0103 \u00een Bucure\u0219ti de Ziua Copiilor?","type":"rich","width":600,"height":338,"html":"<blockquote class=\"wp-embedded-content\" data-secret=\"tQ9UElbgVE\"><a href=\"https:\/\/buletin.de\/bucuresti\/ce-se-intampla-in-bucuresti-de-ziua-copiilor\/\">Ce se \u00eent\u00e2mpl\u0103 \u00een Bucure\u0219ti de Ziua Copiilor?<\/a><\/blockquote><iframe sandbox=\"allow-scripts\" security=\"restricted\" src=\"https:\/\/buletin.de\/bucuresti\/ce-se-intampla-in-bucuresti-de-ziua-copiilor\/embed\/#?secret=tQ9UElbgVE\" width=\"600\" height=\"338\" title=\"&#8220;Ce se \u00eent\u00e2mpl\u0103 \u00een Bucure\u0219ti de Ziua Copiilor?&#8221; &#8212; Buletin de Bucure\u0219ti\" data-secret=\"tQ9UElbgVE\" frameborder=\"0\" marginwidth=\"0\" marginheight=\"0\" scrolling=\"no\" class=\"wp-embedded-content\"><\/iframe><script>\n\/*! This file is auto-generated *\/\n!function(d,l){\"use strict\";l.querySelector&&d.addEventListener&&\"undefined\"!=typeof URL&&(d.wp=d.wp||{},d.wp.receiveEmbedMessage||(d.wp.receiveEmbedMessage=function(e){var t=e.data;if((t||t.secret||t.message||t.value)&&!\/[^a-zA-Z0-9]\/.test(t.secret)){for(var s,r,n,a=l.querySelectorAll('iframe[data-secret=\"'+t.secret+'\"]'),o=l.querySelectorAll('blockquote[data-secret=\"'+t.secret+'\"]'),c=new RegExp(\"^https?:$\",\"i\"),i=0;i<o.length;i++)o[i].style.display=\"none\";for(i=0;i<a.length;i++)s=a[i],e.source===s.contentWindow&&(s.removeAttribute(\"style\"),\"height\"===t.message?(1e3<(r=parseInt(t.value,10))?r=1e3:~~r<200&&(r=200),s.height=r):\"link\"===t.message&&(r=new URL(s.getAttribute(\"src\")),n=new URL(t.value),c.test(n.protocol))&&n.host===r.host&&l.activeElement===s&&(d.top.location.href=t.value))}},d.addEventListener(\"message\",d.wp.receiveEmbedMessage,!1),l.addEventListener(\"DOMContentLoaded\",function(){for(var e,t,s=l.querySelectorAll(\"iframe.wp-embedded-content\"),r=0;r<s.length;r++)(t=(e=s[r]).getAttribute(\"data-secret\"))||(t=Math.random().toString(36).substring(2,12),e.src+=\"#?secret=\"+t,e.setAttribute(\"data-secret\",t)),e.contentWindow.postMessage({message:\"ready\",secret:t},\"*\")},!1)))}(window,document);\n\/\/# sourceURL=https:\/\/buletin.de\/bucuresti\/wp-includes\/js\/wp-embed.min.js\n<\/script>\n","thumbnail_url":"https:\/\/buletin.de\/bucuresti\/wp-content\/uploads\/artem-kniaz-DqgMHzeio7g-unsplash.jpg","thumbnail_width":2000,"thumbnail_height":1334,"description":"Pe 1 iunie, cu ocazia Zilei Copilului, Capitala va fi \u00eemp\u00e2nzit\u0103 de evenimente dedicate micilor bucure\u0219teni. \u00cen fiecare sector al Bucure\u0219tiului, autorit\u0103\u021bile sau ONG-urile locale organizeaz\u0103 ac\u021biuni pentru toate gusturile, de la Ziua Por\u021bilor Deschise la Parlament, parada micilor bicicli\u0219ti \u0219i p\u00e2n\u0103 la concertul sus\u021binut de Ga\u0219ca Zurli la Arenele Romane. Parada micilor bicicli\u0219ti Parada [&hellip;]"}