{"version":"1.0","provider_name":"Buletin de Bucure\u0219ti","provider_url":"https:\/\/buletin.de\/bucuresti","author_name":"Teodora Stroe","author_url":"https:\/\/buletin.de\/bucuresti\/author\/simonacarlugea\/","title":"C\u0103lin Popescu T\u0103riceanu, candidat ALDE la Prim\u0103ria Bucure\u0219ti","type":"rich","width":600,"height":338,"html":"<blockquote class=\"wp-embedded-content\" data-secret=\"0zrNAMcIWv\"><a href=\"https:\/\/buletin.de\/bucuresti\/calin-popescu-tariceanu-candidat-alde-la-primaria-bucuresti\/\">C\u0103lin Popescu T\u0103riceanu, candidat ALDE la Prim\u0103ria Bucure\u0219ti<\/a><\/blockquote><iframe sandbox=\"allow-scripts\" security=\"restricted\" src=\"https:\/\/buletin.de\/bucuresti\/calin-popescu-tariceanu-candidat-alde-la-primaria-bucuresti\/embed\/#?secret=0zrNAMcIWv\" width=\"600\" height=\"338\" title=\"&#8220;C\u0103lin Popescu T\u0103riceanu, candidat ALDE la Prim\u0103ria Bucure\u0219ti&#8221; &#8212; Buletin de Bucure\u0219ti\" data-secret=\"0zrNAMcIWv\" frameborder=\"0\" marginwidth=\"0\" marginheight=\"0\" scrolling=\"no\" class=\"wp-embedded-content\"><\/iframe><script>\n\/*! This file is auto-generated *\/\n!function(d,l){\"use strict\";l.querySelector&&d.addEventListener&&\"undefined\"!=typeof URL&&(d.wp=d.wp||{},d.wp.receiveEmbedMessage||(d.wp.receiveEmbedMessage=function(e){var t=e.data;if((t||t.secret||t.message||t.value)&&!\/[^a-zA-Z0-9]\/.test(t.secret)){for(var s,r,n,a=l.querySelectorAll('iframe[data-secret=\"'+t.secret+'\"]'),o=l.querySelectorAll('blockquote[data-secret=\"'+t.secret+'\"]'),c=new RegExp(\"^https?:$\",\"i\"),i=0;i<o.length;i++)o[i].style.display=\"none\";for(i=0;i<a.length;i++)s=a[i],e.source===s.contentWindow&&(s.removeAttribute(\"style\"),\"height\"===t.message?(1e3<(r=parseInt(t.value,10))?r=1e3:~~r<200&&(r=200),s.height=r):\"link\"===t.message&&(r=new URL(s.getAttribute(\"src\")),n=new URL(t.value),c.test(n.protocol))&&n.host===r.host&&l.activeElement===s&&(d.top.location.href=t.value))}},d.addEventListener(\"message\",d.wp.receiveEmbedMessage,!1),l.addEventListener(\"DOMContentLoaded\",function(){for(var e,t,s=l.querySelectorAll(\"iframe.wp-embedded-content\"),r=0;r<s.length;r++)(t=(e=s[r]).getAttribute(\"data-secret\"))||(t=Math.random().toString(36).substring(2,12),e.src+=\"#?secret=\"+t,e.setAttribute(\"data-secret\",t)),e.contentWindow.postMessage({message:\"ready\",secret:t},\"*\")},!1)))}(window,document);\n\/\/# sourceURL=https:\/\/buletin.de\/bucuresti\/wp-includes\/js\/wp-embed.min.js\n<\/script>\n","thumbnail_url":"https:\/\/buletin.de\/bucuresti\/wp-content\/uploads\/tariceanu.jpeg","thumbnail_width":1600,"thumbnail_height":900,"description":"Pre\u0219edintele ALDE, C\u0103lin Popescu T\u0103riceanu a f\u0103cut ast\u0103zi un anun\u021b surpriz\u0103. Va intra \u00een cursa pentru fotoliul de edil-general al Capitalei. Partidul condus de fostul premier va avea candida\u021bi pentru toate prim\u0103riile de sector \u0219i liste separate de candida\u021bi pentru consilii. Decizia lui T\u0103riceanu este suprinz\u0103toare av\u00e2nd \u00een vedere declara\u021biile comune ale liderilor PSD \u0219i [&hellip;]"}