{"version":"1.0","provider_name":"Buletin de Bucure\u0219ti","provider_url":"https:\/\/buletin.de\/bucuresti","author_name":"Florin R\u00e2\u0219teiu","author_url":"https:\/\/buletin.de\/bucuresti\/author\/florinrasteiu\/","title":"A \u00eenceput campania de \u201eCur\u0103\u021benie General\u0103\u201ddin Sectorul 6","type":"rich","width":600,"height":338,"html":"<blockquote class=\"wp-embedded-content\" data-secret=\"si2Xe7md38\"><a href=\"https:\/\/buletin.de\/bucuresti\/a-inceput-campania-de-curatenie-generaladin-sectorul-6\/\">A \u00eenceput campania de \u201eCur\u0103\u021benie General\u0103\u201ddin Sectorul 6<\/a><\/blockquote><iframe sandbox=\"allow-scripts\" security=\"restricted\" src=\"https:\/\/buletin.de\/bucuresti\/a-inceput-campania-de-curatenie-generaladin-sectorul-6\/embed\/#?secret=si2Xe7md38\" width=\"600\" height=\"338\" title=\"&#8220;A \u00eenceput campania de \u201eCur\u0103\u021benie General\u0103\u201ddin Sectorul 6&#8221; &#8212; Buletin de Bucure\u0219ti\" data-secret=\"si2Xe7md38\" frameborder=\"0\" marginwidth=\"0\" marginheight=\"0\" scrolling=\"no\" class=\"wp-embedded-content\"><\/iframe><script>\n\/*! This file is auto-generated *\/\n!function(d,l){\"use strict\";l.querySelector&&d.addEventListener&&\"undefined\"!=typeof URL&&(d.wp=d.wp||{},d.wp.receiveEmbedMessage||(d.wp.receiveEmbedMessage=function(e){var t=e.data;if((t||t.secret||t.message||t.value)&&!\/[^a-zA-Z0-9]\/.test(t.secret)){for(var s,r,n,a=l.querySelectorAll('iframe[data-secret=\"'+t.secret+'\"]'),o=l.querySelectorAll('blockquote[data-secret=\"'+t.secret+'\"]'),c=new RegExp(\"^https?:$\",\"i\"),i=0;i<o.length;i++)o[i].style.display=\"none\";for(i=0;i<a.length;i++)s=a[i],e.source===s.contentWindow&&(s.removeAttribute(\"style\"),\"height\"===t.message?(1e3<(r=parseInt(t.value,10))?r=1e3:~~r<200&&(r=200),s.height=r):\"link\"===t.message&&(r=new URL(s.getAttribute(\"src\")),n=new URL(t.value),c.test(n.protocol))&&n.host===r.host&&l.activeElement===s&&(d.top.location.href=t.value))}},d.addEventListener(\"message\",d.wp.receiveEmbedMessage,!1),l.addEventListener(\"DOMContentLoaded\",function(){for(var e,t,s=l.querySelectorAll(\"iframe.wp-embedded-content\"),r=0;r<s.length;r++)(t=(e=s[r]).getAttribute(\"data-secret\"))||(t=Math.random().toString(36).substring(2,12),e.src+=\"#?secret=\"+t,e.setAttribute(\"data-secret\",t)),e.contentWindow.postMessage({message:\"ready\",secret:t},\"*\")},!1)))}(window,document);\n\/\/# sourceURL=https:\/\/buletin.de\/bucuresti\/wp-includes\/js\/wp-embed.min.js\n<\/script>\n","thumbnail_url":"https:\/\/buletin.de\/bucuresti\/wp-content\/uploads\/155824788_2267413383390850_2611026093891493193_o.jpg","thumbnail_width":1812,"thumbnail_height":982,"description":"Prim\u0103ria Sectorului 6 a demarat, ast\u0103zi, campania \u201eCur\u0103\u021benie General\u0103\u201d \u00een zona Drumul Taberei-R\u00e2ul Doamnei-Valea Arge\u0219ului. La ac\u021biunea de cur\u0103\u021benie de ast\u0103zi au participat echipele ADPDU Sector 6, Poli\u021bia Local\u0103 Sector 6, angaja\u021bii Urban S.A., dar \u0219i primarul Ciprian Ciucu \u00eempreun\u0103 cu voluntarii din sector. \u00cen campania de cur\u0103\u021benie general\u0103 se vor desf\u0103\u0219uraurm\u0103toarele opera\u021biuni: Cur\u0103\u021barea spa\u021biilor [&hellip;]"}