{"version":"1.0","provider_name":"Buletin de Bucure\u0219ti","provider_url":"https:\/\/buletin.de\/bucuresti","author_name":"Teodora Stroe","author_url":"https:\/\/buletin.de\/bucuresti\/author\/simonacarlugea\/","title":"\u0218ase angaja\u021bi ai Prim\u0103riei Bucure\u0219ti, trimi\u0219i \u00een judecat\u0103 de DNA, pentru atribuirea ilegal\u0103 a unui contract unei firme private","type":"rich","width":600,"height":338,"html":"<blockquote class=\"wp-embedded-content\" data-secret=\"zA0BUMpXc2\"><a href=\"https:\/\/buletin.de\/bucuresti\/6-angajati-ai-primariei-bucuresti-trimisi-in-judecata\/\">\u0218ase angaja\u021bi ai Prim\u0103riei Bucure\u0219ti, trimi\u0219i \u00een judecat\u0103 de DNA, pentru atribuirea ilegal\u0103 a unui contract unei firme private<\/a><\/blockquote><iframe sandbox=\"allow-scripts\" security=\"restricted\" src=\"https:\/\/buletin.de\/bucuresti\/6-angajati-ai-primariei-bucuresti-trimisi-in-judecata\/embed\/#?secret=zA0BUMpXc2\" width=\"600\" height=\"338\" title=\"&#8220;\u0218ase angaja\u021bi ai Prim\u0103riei Bucure\u0219ti, trimi\u0219i \u00een judecat\u0103 de DNA, pentru atribuirea ilegal\u0103 a unui contract unei firme private&#8221; &#8212; Buletin de Bucure\u0219ti\" data-secret=\"zA0BUMpXc2\" frameborder=\"0\" marginwidth=\"0\" marginheight=\"0\" scrolling=\"no\" class=\"wp-embedded-content\"><\/iframe><script>\n\/*! This file is auto-generated *\/\n!function(d,l){\"use strict\";l.querySelector&&d.addEventListener&&\"undefined\"!=typeof URL&&(d.wp=d.wp||{},d.wp.receiveEmbedMessage||(d.wp.receiveEmbedMessage=function(e){var t=e.data;if((t||t.secret||t.message||t.value)&&!\/[^a-zA-Z0-9]\/.test(t.secret)){for(var s,r,n,a=l.querySelectorAll('iframe[data-secret=\"'+t.secret+'\"]'),o=l.querySelectorAll('blockquote[data-secret=\"'+t.secret+'\"]'),c=new RegExp(\"^https?:$\",\"i\"),i=0;i<o.length;i++)o[i].style.display=\"none\";for(i=0;i<a.length;i++)s=a[i],e.source===s.contentWindow&&(s.removeAttribute(\"style\"),\"height\"===t.message?(1e3<(r=parseInt(t.value,10))?r=1e3:~~r<200&&(r=200),s.height=r):\"link\"===t.message&&(r=new URL(s.getAttribute(\"src\")),n=new URL(t.value),c.test(n.protocol))&&n.host===r.host&&l.activeElement===s&&(d.top.location.href=t.value))}},d.addEventListener(\"message\",d.wp.receiveEmbedMessage,!1),l.addEventListener(\"DOMContentLoaded\",function(){for(var e,t,s=l.querySelectorAll(\"iframe.wp-embedded-content\"),r=0;r<s.length;r++)(t=(e=s[r]).getAttribute(\"data-secret\"))||(t=Math.random().toString(36).substring(2,12),e.src+=\"#?secret=\"+t,e.setAttribute(\"data-secret\",t)),e.contentWindow.postMessage({message:\"ready\",secret:t},\"*\")},!1)))}(window,document);\n\/\/# sourceURL=https:\/\/buletin.de\/bucuresti\/wp-includes\/js\/wp-embed.min.js\n<\/script>\n","thumbnail_url":"https:\/\/buletin.de\/bucuresti\/wp-content\/uploads\/pmb.jpg","thumbnail_width":960,"thumbnail_height":642,"description":"\u0218ase angaja\u021bi ai Prim\u0103riei Bucure\u0219ti au fost trimi\u0219i \u00een judecat\u0103 de DNA dup\u0103 ce ar fi atribuit un contract de aproape 3 milioane de lei, \u00een 2015, ilegal. To\u021bi sunt acuza\u021bi de abuz \u00een serviciu cu ob\u021binere de foloase necuvenite. Inculpa\u021bi sunt \u0219i doi reprezenta\u021bi ai societ\u0103\u021bii care, \u00een plus fa\u021b\u0103 de contractul vizat de [&hellip;]"}