{"version":"1.0","provider_name":"Buletin de Bucure\u0219ti","provider_url":"https:\/\/buletin.de\/bucuresti","author_name":"Florin R\u00e2\u0219teiu","author_url":"https:\/\/buletin.de\/bucuresti\/author\/florinrasteiu\/","title":"Buletin de candidat: Bogdan Tob\u0103, Buftea","type":"rich","width":600,"height":338,"html":"<blockquote class=\"wp-embedded-content\" data-secret=\"tyo5Gcrcl8\"><a href=\"https:\/\/buletin.de\/bucuresti\/buletin-de-candidat-bogdan-toba-buftea\/\">Buletin de candidat: Bogdan Tob\u0103, Buftea<\/a><\/blockquote><iframe sandbox=\"allow-scripts\" security=\"restricted\" src=\"https:\/\/buletin.de\/bucuresti\/buletin-de-candidat-bogdan-toba-buftea\/embed\/#?secret=tyo5Gcrcl8\" width=\"600\" height=\"338\" title=\"&#8220;Buletin de candidat: Bogdan Tob\u0103, Buftea&#8221; &#8212; Buletin de Bucure\u0219ti\" data-secret=\"tyo5Gcrcl8\" frameborder=\"0\" marginwidth=\"0\" marginheight=\"0\" scrolling=\"no\" class=\"wp-embedded-content\"><\/iframe><script>\n\/*! This file is auto-generated *\/\n!function(d,l){\"use strict\";l.querySelector&&d.addEventListener&&\"undefined\"!=typeof URL&&(d.wp=d.wp||{},d.wp.receiveEmbedMessage||(d.wp.receiveEmbedMessage=function(e){var t=e.data;if((t||t.secret||t.message||t.value)&&!\/[^a-zA-Z0-9]\/.test(t.secret)){for(var s,r,n,a=l.querySelectorAll('iframe[data-secret=\"'+t.secret+'\"]'),o=l.querySelectorAll('blockquote[data-secret=\"'+t.secret+'\"]'),c=new RegExp(\"^https?:$\",\"i\"),i=0;i<o.length;i++)o[i].style.display=\"none\";for(i=0;i<a.length;i++)s=a[i],e.source===s.contentWindow&&(s.removeAttribute(\"style\"),\"height\"===t.message?(1e3<(r=parseInt(t.value,10))?r=1e3:~~r<200&&(r=200),s.height=r):\"link\"===t.message&&(r=new URL(s.getAttribute(\"src\")),n=new URL(t.value),c.test(n.protocol))&&n.host===r.host&&l.activeElement===s&&(d.top.location.href=t.value))}},d.addEventListener(\"message\",d.wp.receiveEmbedMessage,!1),l.addEventListener(\"DOMContentLoaded\",function(){for(var e,t,s=l.querySelectorAll(\"iframe.wp-embedded-content\"),r=0;r<s.length;r++)(t=(e=s[r]).getAttribute(\"data-secret\"))||(t=Math.random().toString(36).substring(2,12),e.src+=\"#?secret=\"+t,e.setAttribute(\"data-secret\",t)),e.contentWindow.postMessage({message:\"ready\",secret:t},\"*\")},!1)))}(window,document);\n\/\/# sourceURL=https:\/\/buletin.de\/bucuresti\/wp-includes\/js\/wp-embed.min.js\n<\/script>\n","thumbnail_url":"https:\/\/buletin.de\/bucuresti\/wp-content\/uploads\/dcdcd125-4674-4db6-9ae5-0662f798cba5.jpg","thumbnail_width":1600,"thumbnail_height":1066,"description":"Care este ocupa\u021bia dumneavoastr\u0103 actual\u0103? Asociat \u0219i angajat \u00eentr-o firm\u0103 de contabilitate \u0219i asociat \u0219i administrator \u00eentr-o firm\u0103 de \u00eenchirieri schele metalice. Ce activitate politic\u0103 a\u021bi avut \u00een trecut? Am candidat independent pentru Consiliul Local Buftea \u00een 2016 \u0219i am ob\u021binut func\u021bia de consilier local, invalidat\u0103 ulterior, pe motiv c\u0103 nu am desemnat mandatar financiar. [&hellip;]"}